{"id":368,"date":"2015-11-05T07:24:14","date_gmt":"2015-11-05T07:24:14","guid":{"rendered":"http:\/\/www.engelsizbilisim.org\/kktc\/?page_id=368"},"modified":"2015-11-05T07:24:14","modified_gmt":"2015-11-05T07:24:14","slug":"kktc-engelsiz-bilisim-gunleri-2014","status":"publish","type":"page","link":"https:\/\/www.engelsizbilisim.org\/kktc\/kktc-engelsiz-bilisim-gunleri-2014\/","title":{"rendered":"KKTC Engelsiz Bili\u015fim G\u00fcnleri 2014"},"content":{"rendered":"<p style=\"text-align: justify;\"><a href=\"http:\/\/www.engelsizbilisim.org\/wp-content\/uploads\/banner8.jpg\"><img loading=\"lazy\" decoding=\"async\" class=\"alignnone wp-image-1394\" src=\"http:\/\/www.engelsizbilisim.org\/wp-content\/uploads\/banner8.jpg\" alt=\"banner\" width=\"576\" height=\"222\" \/><\/a><\/p>\n<p style=\"text-align: justify;\">2014 y\u0131l\u0131nda, T\u00fcrkiye Engelsiz Bili\u015fim Platformu Sekretaryas\u0131n\u0131 y\u00fcr\u00fcten Celal Bayar \u00dcniversitesi ile KKTC Engelsiz Bili\u015fim Platformu sekretaryas\u0131n\u0131 y\u00fcr\u00fcten Yak\u0131n Do\u011fu \u00dcniversitesi aras\u0131nda, &#8220;Engelsiz Bili\u015fim&#8221; \u00e7al\u0131\u015fmalar\u0131 konusunda i\u015fbirli\u011fi protokol\u00fc imzalanm\u0131\u015f ve ortak \u00e7al\u0131\u015fmalar y\u00fcr\u00fct\u00fclmektedir.\u00a0Bu kapsamda, 11-12 Aral\u0131k 2014 tarihlerinde, Yak\u0131n Do\u011fu \u00dcniversitesi ev sahipli\u011finde, KKTC Engelsiz Bili\u015fim Platformu ve T\u00fcrkiye Engelsiz Bili\u015fim Platformu i\u015fbirli\u011fiyle, Kuzey K\u0131br\u0131s Turkcell sponsorlu\u011fuyla 2.\u00a0<b>KKTC Engelsiz Bili\u015fim G\u00fcnleri<\/b>\u00a0ger\u00e7ekle\u015ftirildi.<!--more--><\/p>\n<p style=\"text-align: justify;\"><a href=\"http:\/\/www.engelsizbilisim.org\/wp-content\/uploads\/acilis2.jpg\"><img loading=\"lazy\" decoding=\"async\" class=\"alignnone wp-image-1392\" src=\"http:\/\/www.engelsizbilisim.org\/wp-content\/uploads\/acilis2-300x200.jpg\" alt=\"acilis2\" width=\"240\" height=\"160\" \/>\u00a0 \u00a0 \u00a0\u00a0<\/a><a href=\"http:\/\/www.engelsizbilisim.org\/wp-content\/uploads\/salon.jpg\"><img loading=\"lazy\" decoding=\"async\" class=\"alignnone wp-image-1412\" src=\"http:\/\/www.engelsizbilisim.org\/wp-content\/uploads\/salon-300x200.jpg\" alt=\"salon\" width=\"240\" height=\"160\" \/><\/a><\/p>\n<p style=\"text-align: justify;\">Etkinli\u011fin a\u00e7\u0131l\u0131\u015f konu\u015fmalar\u0131; \u00c7evre ve Do\u011fal Kaynaklar Bakan\u0131 Dr. Hakan Din\u00e7y\u00fcrek,\u00a0Bay\u0131nd\u0131rl\u0131k ve Ula\u015ft\u0131rma Bakan\u0131 Hasan Ta\u00e7oy,\u00a0Milli E\u011fitim Bakan\u0131 Dr. \u00d6zdemir Berova,\u00a0Yak\u0131n Do\u011fu \u00dcniversitesi Rekt\u00f6r Yard\u0131mc\u0131s\u0131 Prof. Dr. Fahrettin Sad\u0131ko\u011flu,\u00a0Celal Bayar \u00dcniversitesi\u2019nden\u00a0 T\u00fcrkiye Engelsiz Bili\u015fim Platformu Koordinat\u00f6r\u00fc Mustafa \u00d6zhan Kala\u00e7,\u00a0KKTC Engelsiz Bili\u015fim Platformu Koordinat\u00f6r\u00fc Do\u00e7. Dr. Zehra Alt\u0131nay,\u00a0Yak\u0131n Do\u011fu \u00dcniversitesi Center of Excellence Ba\u015fkan\u0131 Prof. Dr. Nedime Serak\u0131nc\u0131,\u00a0Kuzey K\u0131br\u0131s Turkcell Genel M\u00fcd\u00fcr\u00fc Aybars Karaatmaca, Yak\u0131n Do\u011fu \u00dcniversitesi mutevelli heyeti Ba\u015fkan Yard\u0131mc\u0131s\u0131 Yrd. Do\u00e7 Dr. Murat T\u00fcz\u00fcnkan, T\u00fcrkiye Bili\u015fim Derne\u011fi Y\u00f6netim Kurulu \u00dcyesi Levent Karada\u011f, \u00a0 taraf\u0131ndan yap\u0131ld\u0131.<\/p>\n<p style=\"text-align: justify;\"><a style=\"line-height: 24px;\" href=\"http:\/\/www.engelsizbilisim.org\/wp-content\/uploads\/cevrebakani.jpg\"><img loading=\"lazy\" decoding=\"async\" class=\"alignnone wp-image-1395\" src=\"http:\/\/www.engelsizbilisim.org\/wp-content\/uploads\/cevrebakani-300x200.jpg\" alt=\"cevrebakani\" width=\"240\" height=\"160\" \/><\/a>\u00a0<a style=\"line-height: 24px;\" href=\"http:\/\/www.engelsizbilisim.org\/wp-content\/uploads\/acilis1.jpg\"><img loading=\"lazy\" decoding=\"async\" class=\"alignnone wp-image-1391\" src=\"http:\/\/www.engelsizbilisim.org\/wp-content\/uploads\/acilis1-300x200.jpg\" alt=\"acilis1\" width=\"240\" height=\"160\" \/><\/a><img loading=\"lazy\" decoding=\"async\" class=\"alignnone wp-image-1397\" style=\"font-size: 12px; line-height: 18px;\" src=\"http:\/\/www.engelsizbilisim.org\/wp-content\/uploads\/kktcmebbakani-300x200.jpg\" alt=\"kktcmebbakani\" width=\"240\" height=\"160\" \/>\u00a0\u00a0<a href=\"http:\/\/www.engelsizbilisim.org\/wp-content\/uploads\/zehraaltinay.jpg\"><img loading=\"lazy\" decoding=\"async\" class=\"alignnone wp-image-1413\" src=\"http:\/\/www.engelsizbilisim.org\/wp-content\/uploads\/zehraaltinay-300x200.jpg\" alt=\"zehraaltinay\" width=\"240\" height=\"160\" \/><\/a> <a href=\"http:\/\/www.engelsizbilisim.org\/wp-content\/uploads\/muthey.jpg\"><img loading=\"lazy\" decoding=\"async\" class=\"alignnone wp-image-1400\" src=\"http:\/\/www.engelsizbilisim.org\/wp-content\/uploads\/muthey-300x200.jpg\" alt=\"muthey\" width=\"240\" height=\"160\" \/><\/a>\u00a0 \u00a0 \u00a0 \u00a0 \u00a0 \u00a0 \u00a0 \u00a0 \u00a0 \u00a0 <a href=\"http:\/\/www.engelsizbilisim.org\/wp-content\/uploads\/nedimehanim.jpg\"><img loading=\"lazy\" decoding=\"async\" class=\"alignnone wp-image-1401\" src=\"http:\/\/www.engelsizbilisim.org\/wp-content\/uploads\/nedimehanim-300x200.jpg\" alt=\"nedimehanim\" width=\"240\" height=\"160\" \/><\/a>\u00a0<a href=\"http:\/\/www.engelsizbilisim.org\/wp-content\/uploads\/leventkaradag2.jpg\"><img loading=\"lazy\" decoding=\"async\" class=\"alignnone wp-image-1399\" src=\"http:\/\/www.engelsizbilisim.org\/wp-content\/uploads\/leventkaradag2-300x200.jpg\" alt=\"leventkaradag\" width=\"240\" height=\"160\" \/><\/a>\u00a0 \u00a0 \u00a0 \u00a0 \u00a0 \u00a0 \u00a0 \u00a0 \u00a0 \u00a0<a href=\"http:\/\/www.engelsizbilisim.org\/wp-content\/uploads\/aybarskaraatmaca.jpg\"><img loading=\"lazy\" decoding=\"async\" class=\"alignnone wp-image-1393\" src=\"http:\/\/www.engelsizbilisim.org\/wp-content\/uploads\/aybarskaraatmaca-300x200.jpg\" alt=\"aybarskaraatmaca\" width=\"240\" height=\"160\" \/><\/a><\/p>\n<p><a href=\"http:\/\/www.engelsizbilisim.org\/wp-content\/uploads\/ozhankalac3.jpg\"><img loading=\"lazy\" decoding=\"async\" class=\"aligncenter\" src=\"http:\/\/www.engelsizbilisim.org\/wp-content\/uploads\/ozhankalac3-300x300.jpg\" alt=\"ozhankalac\" width=\"300\" height=\"300\" \/><\/a><\/p>\n<p>Konu\u015fmalar\u0131n ard\u0131ndan Lefko\u015fa \u00d6zel E\u011fitim Merkezi ve \u0130\u015f E\u011fitim Merkezi Korosu \u015fark\u0131lar\u0131yla izleyicilere m\u00fczik dinletisi sundu.<\/p>\n<p><a href=\"http:\/\/www.engelsizbilisim.org\/wp-content\/uploads\/konser.jpg\"><img loading=\"lazy\" decoding=\"async\" class=\"alignnone wp-image-1398\" src=\"http:\/\/www.engelsizbilisim.org\/wp-content\/uploads\/konser.jpg\" alt=\"konser\" width=\"576\" height=\"384\" \/><\/a><\/p>\n<p style=\"text-align: justify;\">A\u00e7\u0131l\u0131\u015f t\u00f6reninde Celal Bayar \u00dcniversitesi \u00d6\u011fretim G\u00f6revlisi \u00a0ve T\u00fcrkiye Engelsiz Bili\u015fim Platformu Koordinat\u00f6r\u00fc Mustafa \u00d6zhan Kala\u00e7&#8217;a Kuzey K\u0131br\u0131s T\u00fcrk Cumhuriyetindeki \u00e7al\u0131\u015fmalara katk\u0131lar\u0131ndan dolay\u0131 te\u015fekk\u00fcr plaketi takdim edildi.\u00a0Dumlup\u0131nar \u00dcniversitesi, Engelsiz \u00dcniversite Birim Koordinat\u00f6r\u00fc Ali Osman Alt\u0131nay taraf\u0131ndan, Mustafa \u00d6zhan Kala\u00e7&#8217;a,\u00a0Yak\u0131n Do\u011fu \u00dcniversitesi Center of Excellence Ba\u015fkan\u0131 Prof. Dr. Nedime Serak\u0131nc\u0131&#8217;ya, KKTC Engelsiz Bili\u015fim Platformu Koordinat\u00f6rleri Do\u00e7.Dr. Zehra Alt\u0131nay ve Fahriye Alt\u0131nay&#8217;a \u00e7ini tabak takdim edildi.<\/p>\n<p style=\"text-align: justify;\"><a href=\"http:\/\/www.engelsizbilisim.org\/wp-content\/uploads\/plaketozhan.jpg\"><img loading=\"lazy\" decoding=\"async\" class=\"alignnone wp-image-1411\" src=\"http:\/\/www.engelsizbilisim.org\/wp-content\/uploads\/plaketozhan-300x198.jpg\" alt=\"plaketozhan\" width=\"240\" height=\"158\" \/>\u00a0<\/a>\u00a0\u00a0<a href=\"http:\/\/www.engelsizbilisim.org\/wp-content\/uploads\/dpuplaket.jpg\"><img loading=\"lazy\" decoding=\"async\" class=\"alignnone wp-image-1396\" src=\"http:\/\/www.engelsizbilisim.org\/wp-content\/uploads\/dpuplaket-300x168.jpg\" alt=\"dpuplaket\" width=\"270\" height=\"151\" \/><\/a><\/p>\n<p style=\"text-align: center;\"><a href=\"http:\/\/www.engelsizbilisim.org\/wp-content\/uploads\/plaket.jpg\"><img loading=\"lazy\" decoding=\"async\" class=\"alignnone wp-image-1409\" src=\"http:\/\/www.engelsizbilisim.org\/wp-content\/uploads\/plaket.jpg\" alt=\"plaket\" width=\"207\" height=\"277\" \/><\/a>\u00a0 \u00a0 \u00a0 \u00a0 \u00a0 \u00a0<a href=\"http:\/\/www.engelsizbilisim.org\/wp-content\/uploads\/plaketdpu.jpg\"><img loading=\"lazy\" decoding=\"async\" class=\"alignnone wp-image-1410\" src=\"http:\/\/www.engelsizbilisim.org\/wp-content\/uploads\/plaketdpu-225x300.jpg\" alt=\"plaketdpu\" width=\"203\" height=\"270\" \/><\/a><\/p>\n<p style=\"text-align: justify;\">\u0130ki g\u00fcn s\u00fcren etkinlikte T\u00fcrkiye&#8217;den engellilere y\u00f6nelik bili\u015fim teknolojileri konusunda farkl\u0131 alanlardan 20 konu\u015fmac\u0131 yer ald\u0131.<\/p>\n<p style=\"text-align: justify;\">\u201c2. Engelsiz Bili\u015fim G\u00fcnleri\u201dnde iki g\u00fcn boyunca engelli yurtta\u015flar\u0131n teknoloji kullan\u0131m\u0131ndan i\u015faret diline, mobil \u00f6\u011frenmeden istihdam f\u0131rsatlar\u0131na kadar pek \u00e7ok \u00f6nemli konu tart\u0131\u015f\u0131ld\u0131.\u00a0Etkinlikte \u201cEngelsiz Turizm, Engelsiz Sanat, Engelsiz Toplum, Engelsiz Kent, Engelsiz \u00c7evre, Engelsiz Medya\u201d gibi topluma engellilerin entegrasyonu a\u00e7\u0131s\u0131ndan b\u00fcy\u00fck \u00f6nem ta\u015f\u0131yan konular konu\u015fuldu.<\/p>\n<p style=\"text-align: justify;\">\u201cEngelsiz Konular\u201d \u00e7er\u00e7evesinde fiziksel, sosyal, ekonomik ve k\u00fclt\u00fcrel \u00e7evreye, sa\u011fl\u0131k ve e\u011fitim hizmetlerine, bilgiye ve ileti\u015fime eri\u015fimin; engellilerin t\u00fcm insan haklar\u0131ndan ve temel \u00f6zg\u00fcrl\u00fcklerden tam yararlanmas\u0131n\u0131n \u00f6nemi g\u00fcndeme getirildi.<\/p>\n<p style=\"text-align: justify;\">Etkinlikle Moro\u011flu Film katk\u0131lar\u0131yla \u00c7a\u011fan Irma\u011f&#8217;\u0131n &#8220;Tamam\u0131y\u0131z?&#8221; filmi sesli betimlemeli, i\u015faret dilinde ve alt yaz\u0131l\u0131 olarak g\u00f6sterildi.<\/p>\n<p style=\"text-align: justify;\">Etkinlik Program\u0131 ve detay bilgiler:<\/p>\n<p style=\"text-align: justify;\"><a href=\"http:\/\/www.engelsizbilisim.org\/wp-content\/uploads\/panel1.jpg\"><img loading=\"lazy\" decoding=\"async\" class=\"alignnone wp-image-1404\" src=\"http:\/\/www.engelsizbilisim.org\/wp-content\/uploads\/panel1.jpg\" alt=\"panel1\" width=\"576\" height=\"432\" \/><\/a><\/p>\n<p style=\"text-align: justify;\"><a href=\"http:\/\/www.engelsizbilisim.org\/wp-content\/uploads\/panel.jpg\"><img loading=\"lazy\" decoding=\"async\" class=\"alignnone wp-image-1403\" src=\"http:\/\/www.engelsizbilisim.org\/wp-content\/uploads\/panel.jpg\" alt=\"panel\" width=\"576\" height=\"432\" \/><\/a> <a href=\"http:\/\/www.engelsizbilisim.org\/wp-content\/uploads\/panel21.jpg\"><img loading=\"lazy\" decoding=\"async\" class=\"alignnone wp-image-1405\" src=\"http:\/\/www.engelsizbilisim.org\/wp-content\/uploads\/panel21.jpg\" alt=\"panel2\" width=\"576\" height=\"432\" \/><\/a> <a href=\"http:\/\/www.engelsizbilisim.org\/wp-content\/uploads\/panel31.jpg\"><img loading=\"lazy\" decoding=\"async\" class=\"alignnone wp-image-1406\" src=\"http:\/\/www.engelsizbilisim.org\/wp-content\/uploads\/panel31.jpg\" alt=\"panel3\" width=\"576\" height=\"432\" \/><\/a> <a href=\"http:\/\/www.engelsizbilisim.org\/wp-content\/uploads\/panel4.jpg\"><img loading=\"lazy\" decoding=\"async\" class=\"alignnone wp-image-1407\" src=\"http:\/\/www.engelsizbilisim.org\/wp-content\/uploads\/panel4.jpg\" alt=\"panel4\" width=\"576\" height=\"432\" \/><\/a> <a href=\"http:\/\/www.engelsizbilisim.org\/wp-content\/uploads\/panel6.jpg\"><img loading=\"lazy\" decoding=\"async\" class=\"alignnone wp-image-1408\" src=\"http:\/\/www.engelsizbilisim.org\/wp-content\/uploads\/panel6.jpg\" alt=\"panel6\" width=\"576\" height=\"432\" \/><\/a><\/p>\n<h1><strong>KKTC ENGELS\u0130Z B\u0130L\u0130\u015e\u0130M G\u00dcNLER\u0130 2014<\/strong><\/h1>\n<p><b>1. G\u00dcN<\/b><\/p>\n<p><b>11 Aral\u0131k 2014 Per\u015fembe<\/b><\/p>\n<div>\n<p><b>Saat 9:00 A\u00e7\u0131l\u0131\u015f Konu\u015fmalar\u0131<\/b><\/p>\n<p><b>Saat 10:00 Lefko\u015fa \u00d6zel E\u011fitim Merkezi ve \u0130\u015f E\u011fitim Merkezi Korosu<\/b><\/p>\n<p><b>Saat 10:30 Kuzey K\u0131br\u0131s Turkcell Genel M\u00fcd\u00fcr\u00fc Aybars Karaatmaca \u201cEngelsiz Ya\u015fam\u201d Sunumu<\/b><\/p>\n<p><b>Saat 11:00 YDU Engelsiz Kampus Faaliyetleri<\/b><\/p>\n<p><b>Saat 11:15 KKTC Engelsiz Bili\u015fim Platform Faaliyetleri<\/b><\/p>\n<p><b>Saat 11: 30 \u2013 12:45 T\u00dcRK\u0130YE\u2019DE BA\u015eARILI ENGELS\u0130Z B\u0130L\u0130\u015e\u0130M UYGULAMALARI -1<\/b><\/p>\n<p><b>Oturum Ba\u015fkan\u0131<\/b><\/p>\n<p>Prof. Dr. Gonca Telli YAMAMOTO<\/p>\n<p><b>Konu\u015fmac\u0131lar:<\/b><\/p>\n<ul>\n<li><b>OZTEK Projesi<br \/>\nProf. Dr. K\u00fcr\u015fat \u00c7A\u011eILTAY<\/b><\/li>\n<\/ul>\n<ul>\n<li><b>Anadolu \u00dcniversitesi B\u00d6TE \u00c7al\u0131\u015fmalar\u0131<\/b><br \/>\nProf. Dr. Hatice Ferhan Odaba\u015f\u0131<\/li>\n<li><b>\u0130sitme Engelli Cocuklarda Bir Digitallesme Projesi:Vikipedi Ornegi\u2019<\/b><br \/>\nProf. Dr. \u00dcmit G\u0130RG\u0130N<\/li>\n<li><b>Zihinsel Engellilerin E\u011fitiminde Teknoloji Kullan\u0131m\u0131<br \/>\n<\/b>Do\u00e7. Dr. Y\u00fcksel G\u00d6KTA\u015e<\/li>\n<li><b>Otizm ve Tablet Kullan\u0131m\u0131 :<\/b><b>\u00a0<\/b><a href=\"http:\/\/www.beratcelik.com\/\"><b>http:\/\/www.beratcelik.com\/<\/b><\/a><br \/>\nBerat \u00c7elik \u2013 Otizm Konusunda Uygulamal\u0131 Sunum<\/li>\n<li><b>E-ticaret Uygulamalar\u0131<\/b><br \/>\nSerkan HACI\u00d6MERO\u011eLU<\/li>\n<\/ul>\n<p><b>13:30- 15:30 T\u00dcRK\u0130YE\u2019DE BA\u015eARILI ENGELS\u0130Z B\u0130L\u0130\u015e\u0130M UYGULAMALARI -2<\/b><\/p>\n<p><b>Oturum Ba\u015fkan\u0131<\/b><\/p>\n<p>Prof. Dr. Eser Eke BAYRAMO\u011eLU<\/p>\n<p><b>Konu\u015fmac\u0131lar:<\/b><\/p>\n<ul>\n<li><b>\u0130stanbul B\u00fcy\u00fck\u015fehir Belediyesi<\/b><br \/>\nBekir K\u00d6KSAL \u0130BB\u00a0 \u2013 Uzman<\/li>\n<li><b>Engelsiz Film \u00c7al\u0131\u015fmalar\u0131<br \/>\nG\u00f6n\u00fcl MORO\u011eLU<\/b><\/li>\n<\/ul>\n<ul>\n<li><b>Fatih Projesi ve Engelliler<br \/>\n<\/b>Arzu Bilici \u2013 MEB Yegitek<\/li>\n<li><b>Kastamonu \u00dcniversitesi \u2013 GEKOP<\/b><br \/>\nMehmet \u00dcNE\u015e<\/li>\n<li><b>\u0130stanbul \u00dcniversitesi Engelsiz Bilgi Merkezi<br \/>\n<\/b>Mustafa \u00d6ZY\u00dcREK<\/li>\n<li><b>E-K\u00fct\u00fcphane Uygulamalar\u0131<\/b><br \/>\n\u0130brahim EL\u0130BAL<\/li>\n<li><b>\u0130\u015fitme Engelli \u00d6\u011frenciler \u0130\u00e7in Alternatif \u0130leti\u015fim Sistemi<\/b><br \/>\nDo\u00e7.Dr. Hasan Karal, Yrd. Do\u00e7. Dr. Muhammet Berigel<\/li>\n<\/ul>\n<p><b>15:30- 17:30 TC-KKTC ENGELS\u0130Z B\u0130L\u0130\u015e\u0130M \u00c7ALI\u015eMALARI<\/b><\/p>\n<ul>\n<li><b>Aile Egitimi ve Bilisim<br \/>\n<\/b>Ali Cengiz Cigerci-Sibel Dincyurek<\/li>\n<\/ul>\n<ul>\n<li><b>Uzaktan Egitim Uygulamalari<br \/>\n<\/b>Doc. Dr. Zehra Altinay, Doc. Dr. Fahriye Altinay, Doc. Dr. Hasan Karal, Yrd. Doc. Dr. Muhammet Berigel<\/li>\n<\/ul>\n<ul>\n<li><b>G\u00f6rme Engellilerde Mobil Uygulamalar ve Dijital Vatandaslik<br \/>\nProf. Dr. M Ya\u015far \u00d6zden,\u00a0Doc. Dr. Zehra Altinay, Doc. Dr. Fahriye Altinay, Yrd. Doc. Bulent Gursel Emiroglu, Uz. Umut Akcil<\/b><\/li>\n<\/ul>\n<ul>\n<li><b>Sosyal Ya\u015famda K\u00fclt\u00fcrel Aktivite<br \/>\nErsin T\u00fcnay, Salahi D\u00f6\u015femeci<\/b><\/li>\n<\/ul>\n<ul>\n<li><b>\u00d6zel e\u011fitimin gereklili\u011fi ve durumu<br \/>\nG\u00f6khan G\u00fcven<\/b><\/li>\n<\/ul>\n<p><b style=\"font-size: 12px;\">16:30-17:00 MEDYA\u2019NIN ENGELL\u0130LERE BAKI\u015eI<\/b><\/p>\n<\/div>\n<div>Aysu Basri, Mete T\u00fcmerkan, Cenk Mutluyakal\u0131, H\u00fcseyin Ekmek\u00e7i, Ali Baturay<b style=\"font-size: 12px;\">17:00-17:30 ENGELSIZ SANAT: SANAT ENGEL TANIMAZ<\/b><\/div>\n<div>\n<p>Buket \u00d6zatay, A\u015f\u0131k Mene, Veysi Soyer, Arif \u0130\u015fg\u00fczar, Tevfik Ulual, S\u00fcleyman Kaplan<b>17:30\u00a0 \u201cENGELSIZ\u201d\u00a0 KISA FILM G\u00d6STERIMLERI<\/b><\/p>\n<ul>\n<li>Sinema Engel Tan\u0131maz Projesi ve Moroglu Film<\/li>\n<li>Her\u015feye Ra\u011fmen<\/li>\n<\/ul>\n<\/div>\n<div>\n<ul>\n<li>Baba<\/li>\n<li>Yeter Ki \u0130ste<\/li>\n<li>Ses<\/li>\n<\/ul>\n<\/div>\n<p><b>\u00a0<\/b><\/p>\n<h1><strong>KKTC ENGELS\u0130Z B\u0130L\u0130\u015e\u0130M G\u00dcNLER\u0130 2014<\/strong><\/h1>\n<p><b>2. G\u00dcN<\/b><\/p>\n<p><b>12 Aral\u0131k 2014 Cuma<\/b><\/p>\n<p><b>Saat 10:00-12:00<\/b><\/p>\n<p><b>KKTC ENGELSIZ TURIZM<\/b><\/p>\n<p><b>KKTC ENGELSIZ TOPLUM- \u00c7al\u0131\u015fma ve Sosyal G\u00fcvenlik Bakanl\u0131\u011f\u0131 Projeleri<\/b><\/p>\n<p><b>KKTC ENGELSIZ KENT- Lefko\u015fa T\u00fcrk Belediyesi Projeleri<\/b><\/p>\n<p>Lefko\u015fa T\u00fcrk Belediyesi Ba\u015fkan\u0131 Mehmet Harmanc\u0131<\/p>\n<p>Meclic \u00dcyeleri<\/p>\n<p>\u00c7elen \u00c7a\u011fansoy<\/p>\n<p>Safiye \u00d6zalt\u0131ner<\/p>\n<p>Onur Olguner<\/p>\n<p><b>KKTC ENGELSIZ CEVRE<\/b><\/p>\n<ul>\n<li><b>Kamusal Alanda Engelli Standartlar\u0131<br \/>\nAzmi \u00d6\u011fe<\/b><\/li>\n<\/ul>\n<p><strong>MEDYA ve HUKUK<\/strong><\/p>\n<p>Av. Mehmet Ekin Vaiz<\/p>\n<p><b>Saat 14:00-16:00 \u0130K\u0130L\u0130 G\u00d6R\u00dc\u015eMELER<\/b><\/p>\n<p>Ba\u015far\u0131l\u0131 projelerin KKTC de uygulanabilmesi amac\u0131yla T\u00fcrkiye\u2019den gelen heyet ile KKTC den ilgili kurumlar\u0131n ikili g\u00f6r\u00fc\u015fmelerinin sa\u011flanmas\u0131.<\/p>\n","protected":false},"excerpt":{"rendered":"<p>2014 y\u0131l\u0131nda, T\u00fcrkiye Engelsiz Bili\u015fim Platformu Sekretaryas\u0131n\u0131 y\u00fcr\u00fcten Celal Bayar \u00dcniversitesi ile KKTC Engelsiz Bili\u015fim Platformu sekretaryas\u0131n\u0131 y\u00fcr\u00fcten Yak\u0131n Do\u011fu \u00dcniversitesi aras\u0131nda, &#8220;Engelsiz Bili\u015fim&#8221; \u00e7al\u0131\u015fmalar\u0131 konusunda i\u015fbirli\u011fi protokol\u00fc imzalanm\u0131\u015f ve ortak \u00e7al\u0131\u015fmalar y\u00fcr\u00fct\u00fclmektedir.\u00a0Bu kapsamda, 11-12 Aral\u0131k 2014 tarihlerinde, Yak\u0131n Do\u011fu \u00dcniversitesi ev sahipli\u011finde, KKTC Engelsiz Bili\u015fim Platformu ve T\u00fcrkiye Engelsiz Bili\u015fim Platformu i\u015fbirli\u011fiyle, Kuzey K\u0131br\u0131s &hellip; <\/p>\n<p><a class=\"more-link btn\" href=\"https:\/\/www.engelsizbilisim.org\/kktc\/kktc-engelsiz-bilisim-gunleri-2014\/\">Devam\u0131n\u0131 oku<\/a><\/p>\n","protected":false},"author":1,"featured_media":0,"parent":0,"menu_order":0,"comment_status":"closed","ping_status":"closed","template":"","meta":{"footnotes":""},"class_list":["post-368","page","type-page","status-publish","hentry","nodate","item-wrap"],"_links":{"self":[{"href":"https:\/\/www.engelsizbilisim.org\/kktc\/wp-json\/wp\/v2\/pages\/368","targetHints":{"allow":["GET"]}}],"collection":[{"href":"https:\/\/www.engelsizbilisim.org\/kktc\/wp-json\/wp\/v2\/pages"}],"about":[{"href":"https:\/\/www.engelsizbilisim.org\/kktc\/wp-json\/wp\/v2\/types\/page"}],"author":[{"embeddable":true,"href":"https:\/\/www.engelsizbilisim.org\/kktc\/wp-json\/wp\/v2\/users\/1"}],"replies":[{"embeddable":true,"href":"https:\/\/www.engelsizbilisim.org\/kktc\/wp-json\/wp\/v2\/comments?post=368"}],"version-history":[{"count":1,"href":"https:\/\/www.engelsizbilisim.org\/kktc\/wp-json\/wp\/v2\/pages\/368\/revisions"}],"predecessor-version":[{"id":369,"href":"https:\/\/www.engelsizbilisim.org\/kktc\/wp-json\/wp\/v2\/pages\/368\/revisions\/369"}],"wp:attachment":[{"href":"https:\/\/www.engelsizbilisim.org\/kktc\/wp-json\/wp\/v2\/media?parent=368"}],"curies":[{"name":"wp","href":"https:\/\/api.w.org\/{rel}","templated":true}]}}