{"id":405,"date":"2015-11-10T08:38:32","date_gmt":"2015-11-10T08:38:32","guid":{"rendered":"http:\/\/www.engelsizbilisim.org\/kktc\/?page_id=405"},"modified":"2025-12-30T19:45:28","modified_gmt":"2025-12-30T19:45:28","slug":"duzenleme-komitesi","status":"publish","type":"page","link":"https:\/\/www.engelsizbilisim.org\/kktc\/duzenleme-komitesi\/","title":{"rendered":"D\u00fczenleme Komitesi"},"content":{"rendered":"<p><strong>Onur Kurulu<\/strong><\/p>\n<ul>\n<li><strong>Tufan ERH\u00dcRMAN<\/strong>, Kuzey K\u0131br\u0131s T\u00fcrk Cumhuriyeti Cumhurba\u015fkan\u0131<\/li>\n<li><strong>Prof. Dr. Tamer \u015eANLIDA\u011e<\/strong>, Yak\u0131n Do\u011fu \u00dcniversitesi Rekt\u00f6r\u00fc<\/li>\n<li><strong>Prof. Dr. Rana K\u0130BAR, <\/strong>Manisa Celal Bayar \u00dcniversitesi Rekt\u00f6r\u00fc<\/li>\n<li><strong>Prof. Dr. \u0130lkay SAL\u0130HO\u011eLU<\/strong>, Girne \u00dcniversitesi Rekt\u00f6r\u00fc<\/li>\n<\/ul>\n<p><strong><br \/>D\u00fczenleme Kurulu<\/strong><\/p>\n<ul>\n<li><strong>Prof. Dr. Ahmet \u00c7ET\u0130N<\/strong>, Manisa Celal Bayar \u00dcniversitesi Rekt\u00f6r Yard\u0131mc\u0131s\u0131<\/li>\n<li><strong>Prof. Dr. G\u00f6kmen DA\u011eLI<\/strong>, Girne \u00dcniversitesi Rekt\u00f6r Yard\u0131mc\u0131s\u0131<\/li>\n<li><strong>Do\u00e7. Dr. Emriye AY &#8211;<\/strong>Manisa Celal Bayar \u00dcniversitesi Rekt\u00f6r Dan\u0131\u015fman\u0131<\/li>\n<li><strong>Dr. \u00d6\u011fr. \u00dcyesi Mustafa \u00d6zhan KALA\u00c7,<\/strong>\u00a0T\u00fcrkiye Engelsiz Bili\u015fim Platformu Koordinat\u00f6r\u00fc \u2013 Manisa Celal Bayar \u00dcniversitesi<\/li>\n<li><strong>Prof. Dr. Zehra ALTINAY,<\/strong> KKTC Engelsiz Bili\u015fim Platformu Koordinat\u00f6r\u00fc &#8211; Yak\u0131n Do\u011fu \u00dcniversitesi<\/li>\n<li><strong>Prof. Dr. Fahriye ALTINAY,<\/strong> KKTC Engelsiz Bili\u015fim Platformu Koordinat\u00f6r\u00fc &#8211; Yak\u0131n Do\u011fu \u00dcniversitesi<\/li>\n<li><strong>Prof. Dr. Umut AK\u00c7IL<\/strong>, Yak\u0131n Do\u011fu \u00dcniversitesi<\/li>\n<li><strong>Prof. Dr. Mukaddes Sakall\u0131 DEM\u0130ROK<\/strong>, Yak\u0131n Do\u011fu \u00dcniversitesi<\/li>\n<li><strong>Prof. Dr. Mustafa ERAYMAN,<\/strong> Uluslararas\u0131 K\u0131br\u0131s \u00dcniversitesi<\/li>\n<li><strong>Do\u00e7. Dr. \u015eahin AKDA\u011e<\/strong>, Yak\u0131n Do\u011fu \u00dcniversitesi<\/li>\n<li><strong>G\u00fcnay K\u0130BR\u0130T<\/strong>, K\u0131br\u0131s T\u00fcrk Ortopedik \u00d6z\u00fcrl\u00fcler Derne\u011fi Ba\u015fkan\u0131<\/li>\n<li><b>Ahmet AKDEN\u0130Z\u00a0<\/b>\u2013 KKTC Engelliler Basketbol Federasyonu Ba\u015fkan\u0131<\/li>\n<li><strong>S\u00fcleyman DO\u011eAN<\/strong>, T\u00fcrkiye Engelsiz Bili\u015fim Platformu<\/li>\n<li><strong>Fevzi S\u00dcSL\u00dc<\/strong>, Yak\u0131n Do\u011fu \u00dcniversitesi Doktora \u00d6\u011frencisi<\/li>\n<\/ul>\n\n\n<p class=\"wp-block-paragraph\"><\/p>\n","protected":false},"excerpt":{"rendered":"<p>Onur Kurulu Tufan ERH\u00dcRMAN, Kuzey K\u0131br\u0131s T\u00fcrk Cumhuriyeti Cumhurba\u015fkan\u0131 Prof. Dr. Tamer \u015eANLIDA\u011e, Yak\u0131n Do\u011fu \u00dcniversitesi Rekt\u00f6r\u00fc Prof. Dr. Rana K\u0130BAR, Manisa Celal Bayar \u00dcniversitesi Rekt\u00f6r\u00fc Prof. Dr. \u0130lkay SAL\u0130HO\u011eLU, Girne \u00dcniversitesi Rekt\u00f6r\u00fc D\u00fczenleme Kurulu Prof. Dr. Ahmet \u00c7ET\u0130N, Manisa Celal Bayar \u00dcniversitesi Rekt\u00f6r Yard\u0131mc\u0131s\u0131 Prof. Dr. G\u00f6kmen DA\u011eLI, Girne \u00dcniversitesi Rekt\u00f6r Yard\u0131mc\u0131s\u0131 Do\u00e7. Dr. &hellip; <\/p>\n<p><a class=\"more-link btn\" href=\"https:\/\/www.engelsizbilisim.org\/kktc\/duzenleme-komitesi\/\">Devam\u0131n\u0131 oku<\/a><\/p>\n","protected":false},"author":1,"featured_media":0,"parent":0,"menu_order":0,"comment_status":"closed","ping_status":"closed","template":"","meta":{"footnotes":""},"class_list":["post-405","page","type-page","status-publish","hentry","nodate","item-wrap"],"_links":{"self":[{"href":"https:\/\/www.engelsizbilisim.org\/kktc\/wp-json\/wp\/v2\/pages\/405","targetHints":{"allow":["GET"]}}],"collection":[{"href":"https:\/\/www.engelsizbilisim.org\/kktc\/wp-json\/wp\/v2\/pages"}],"about":[{"href":"https:\/\/www.engelsizbilisim.org\/kktc\/wp-json\/wp\/v2\/types\/page"}],"author":[{"embeddable":true,"href":"https:\/\/www.engelsizbilisim.org\/kktc\/wp-json\/wp\/v2\/users\/1"}],"replies":[{"embeddable":true,"href":"https:\/\/www.engelsizbilisim.org\/kktc\/wp-json\/wp\/v2\/comments?post=405"}],"version-history":[{"count":29,"href":"https:\/\/www.engelsizbilisim.org\/kktc\/wp-json\/wp\/v2\/pages\/405\/revisions"}],"predecessor-version":[{"id":1020,"href":"https:\/\/www.engelsizbilisim.org\/kktc\/wp-json\/wp\/v2\/pages\/405\/revisions\/1020"}],"wp:attachment":[{"href":"https:\/\/www.engelsizbilisim.org\/kktc\/wp-json\/wp\/v2\/media?parent=405"}],"curies":[{"name":"wp","href":"https:\/\/api.w.org\/{rel}","templated":true}]}}