{"id":430,"date":"2016-12-17T16:09:56","date_gmt":"2016-12-17T16:09:56","guid":{"rendered":"http:\/\/www.engelsizbilisim.org\/kktc\/?page_id=430"},"modified":"2016-12-17T16:09:56","modified_gmt":"2016-12-17T16:09:56","slug":"kktc-engelsiz-bilisim-gunleri-2015","status":"publish","type":"page","link":"https:\/\/www.engelsizbilisim.org\/kktc\/kktc-engelsiz-bilisim-gunleri-2015\/","title":{"rendered":"KKTC Engelsiz Bili\u015fim G\u00fcnleri 2015"},"content":{"rendered":"<div><a href=\"http:\/\/www.engelsizbilisim.org\/kktc\/kktc-engelsiz-bilisim-gunleri-2015\/12369071_900512459997923_7315650276270553168_n\/\" rel=\"attachment wp-att-438\"><img loading=\"lazy\" decoding=\"async\" class=\"aligncenter size-full wp-image-438\" src=\"http:\/\/www.engelsizbilisim.org\/kktc\/wp-content\/uploads\/2016\/12\/12369071_900512459997923_7315650276270553168_n.jpg\" alt=\"\" width=\"960\" height=\"640\" srcset=\"https:\/\/www.engelsizbilisim.org\/kktc\/wp-content\/uploads\/2016\/12\/12369071_900512459997923_7315650276270553168_n.jpg 960w, https:\/\/www.engelsizbilisim.org\/kktc\/wp-content\/uploads\/2016\/12\/12369071_900512459997923_7315650276270553168_n-300x200.jpg 300w, https:\/\/www.engelsizbilisim.org\/kktc\/wp-content\/uploads\/2016\/12\/12369071_900512459997923_7315650276270553168_n-768x512.jpg 768w\" sizes=\"auto, (max-width: 960px) 100vw, 960px\" \/><\/a><\/div>\n<div>Yak\u0131n Do\u011fu \u00dcniversitesi ev sahipli\u011finde KKTC Engelsiz Bili\u015fim Platformu ve T\u00fcrkiye Engelsiz Bili\u015fim Platformu (Celal Bayar \u00dcniversitesi) katk\u0131lar\u0131yla, Center of Excellence ba\u011fl\u0131 Toplumsal Ara\u015ft\u0131rma ve Geli\u015ftirme Merkezi, Yak\u0131n Do\u011fu Enstit\u00fcs\u00fc organizasyonuyla \u00a0&#8220;III. KKTC Engelsiz Bili\u015fim G\u00fcnleri&#8221; i\u00e7in 10-11 Aral\u0131k 2015 tarihleri aras\u0131nda ger\u00e7ekle\u015ftirildi.<\/div>\n<div><\/div>\n<div><\/div>\n<div>10 Aral\u0131k 2015 tarihinde ger\u00e7ekle\u015ftirilen a\u00e7\u0131l\u0131\u015f t\u00f6renine KKTC Cumhurba\u015fkan\u0131 Mustafa Ak\u0131nc\u0131&#8217;n\u0131n e\u015fi Meral Ak\u0131nc\u0131, Gazima\u011fusa Milletvekili Hakan Din\u00e7y\u00fcrek, Rekt\u00f6r\u00fcm\u00fcz Prof. Dr. A. Kemal \u00c7elebi, Yak\u0131n Do\u011fu \u00dcniversitesi M\u00fctevelli Heyeti Ba\u015fkan Vekili Yrd. Do\u00e7. Dr. Murat T\u00fcz\u00fcnkan, Rekt\u00f6r Yard\u0131mc\u0131m\u0131z Prof. Dr. Bilal G\u00fcm\u00fc\u015f, Yak\u0131n Do\u011fu \u00dcniversitesi Rekt\u00f6r Yard\u0131mc\u0131s\u0131 Prof. Dr. Fahrettin Sad\u0131ko\u011flu, T\u00fcrkiye Engelsiz Bili\u015fim Platformu Koordinat\u00f6r\u00fc Mustafa \u00d6zhan KALA\u00c7, Center of Excellence ba\u011fl\u0131 Toplumsal Ara\u015ft\u0131rma ve Geli\u015ftirme Merkezi E\u015fba\u015fkan\u0131 Do\u00e7. Dr. Zehra Alt\u0131nay ve Center of Excellence Ba\u015fkan\u0131 Prof. Dr. Nedime Serak\u0131nc\u0131 kat\u0131ld\u0131.<\/div>\n<div>Rekt\u00f6r\u00fcm\u00fcz Prof. Dr. A. Kemal \u00c7elebi a\u00e7\u0131l\u0131\u015fta yapt\u0131\u011f\u0131 konu\u015fmada, &#8220;Bili\u015fim teknolojileri ve internet, g\u00fcn\u00fcm\u00fcz insan\u0131n\u0131n, bilgi ve ileti\u015fim ihtiya\u00e7lar\u0131na daha kolay, daha h\u0131zl\u0131 ve daha ekonomik \u00e7\u00f6z\u00fcmler bulabilmesini sa\u011flamaktad\u0131r. Bu sayede engelli bireylerin sosyo-k\u00fclt\u00fcrel hayata, e\u011fitime ve ekonomik hayata kat\u0131labilmeleri m\u00fcmk\u00fcn olmaktad\u0131r.<\/div>\n<div>Celal Bayar \u00dcniversitesi olarak, bir taraftan engelli personelimiz ve \u00f6\u011frencilerimize en iyi hizmeti sunmaya \u00e7al\u0131\u015f\u0131rken, bir yandan da engellilere y\u00f6nelik bili\u015fim hizmetlerinin geli\u015fmesi ve toplumsal katk\u0131n\u0131n sa\u011flanmas\u0131 i\u00e7in elimizden geleni yapmaktay\u0131z.<\/div>\n<div>Bu kapsamdaki \u00e7al\u0131\u015fmalar\u0131m\u0131z\u0131n ba\u015f\u0131nda gelen ve sekretaryas\u0131n\u0131 y\u00fcr\u00fctt\u00fc\u011f\u00fcm\u00fcz T\u00fcrkiye Engelsiz Bili\u015fim Platformu \u00e7al\u0131\u015fmalar\u0131yla, T\u00fcrkiye genelinde ba\u015fta kamu kurumlar\u0131 olmak \u00fczere, \u00fcniversiteler, sivil toplum kurulu\u015flar\u0131 ve \u00f6zel sekt\u00f6r i\u015fbirli\u011fiyle \u00e7ok ciddi \u00e7al\u0131\u015fmalara imza att\u0131k.<\/div>\n<div>Bu \u00e7al\u0131\u015fmalar\u0131m\u0131zda Kuzey K\u0131br\u0131s T\u00fcrk Cumhuriyeti de her zaman bizim ayr\u0131lmaz bir par\u00e7am\u0131z olmu\u015ftur. Nitekim Eyl\u00fcl ay\u0131nda Celal Bayar \u00dcniversitesi&#8217;nde d\u00fczenledi\u011fimiz Uluslararas\u0131 Engelsiz Bili\u015fim Kongresi&#8217;nde partner \u00fclkemiz ge\u00e7en y\u0131l oldu\u011fu gibi yine Kuzey K\u0131br\u0131s T\u00fcrk Cumhuriyeti oldu. Buradan gelen temsilcileri Manisa&#8217;da a\u011f\u0131rlamak bizim i\u00e7in onurdu.<\/div>\n<div>Bug\u00fcn de burada \u00fc\u00e7\u00fcnc\u00fcs\u00fc d\u00fczenlenecek olan &#8220;KKTC Engelsiz Bili\u015fim G\u00fcnleri&#8221;nde T\u00fcrkiye&#8217;den gelen uzmanlar\u0131m\u0131z, ba\u015far\u0131l\u0131 engelsiz bili\u015fim uygulamalar\u0131n\u0131 sizlerle<\/p>\n<div>payla\u015facaklar. \u0130ki g\u00fcn s\u00fcren etkinlik iki karde\u015f \u00fclkede engelsiz bili\u015fim alan\u0131nda faaliyet g\u00f6steren kurum ve ki\u015filerin tecr\u00fcbe aktar\u0131m\u0131 ve bundan sonraki i\u015fbirli\u011fi i\u00e7in \u00f6nemli katk\u0131 sa\u011flayacakt\u0131r&#8221; dedi.<\/div>\n<div>Etkinlik boyunca, engelli bireylerin k\u00fclt\u00fcrel \u00e7evrelerinden ald\u0131klar\u0131 sa\u011fl\u0131k ve e\u011fitim hizmetleri, bilgiye eri\u015fimleri, insan haklar\u0131ndan, temel \u00f6zg\u00fcrl\u00fcklerden tam olarak yararlanmalar\u0131n\u0131n sa\u011flanmas\u0131n\u0131n \u00f6nemi tart\u0131\u015f\u0131ld\u0131. &#8220;III. Engelsiz Bili\u015fim G\u00fcnleri&#8221;nde &#8220;\u00c7ocuklar Ya\u015fad\u0131klar\u0131ndan \u00d6\u011frenirler&#8221; isimli bir \u00e7al\u0131\u015ftay da ger\u00e7ekle\u015ftirildi.<\/div>\n<p><a href=\"http:\/\/www.engelsizbilisim.org\/kktc\/kktc-engelsiz-bilisim-gunleri-2015\/11219094_900514569997712_6036605509176690612_n\/\" rel=\"attachment wp-att-431\"><img loading=\"lazy\" decoding=\"async\" class=\"aligncenter size-full wp-image-431\" src=\"http:\/\/www.engelsizbilisim.org\/kktc\/wp-content\/uploads\/2016\/12\/11219094_900514569997712_6036605509176690612_n.jpg\" alt=\"\" width=\"960\" height=\"640\" srcset=\"https:\/\/www.engelsizbilisim.org\/kktc\/wp-content\/uploads\/2016\/12\/11219094_900514569997712_6036605509176690612_n.jpg 960w, https:\/\/www.engelsizbilisim.org\/kktc\/wp-content\/uploads\/2016\/12\/11219094_900514569997712_6036605509176690612_n-300x200.jpg 300w, https:\/\/www.engelsizbilisim.org\/kktc\/wp-content\/uploads\/2016\/12\/11219094_900514569997712_6036605509176690612_n-768x512.jpg 768w\" sizes=\"auto, (max-width: 960px) 100vw, 960px\" \/><\/a> <a href=\"http:\/\/www.engelsizbilisim.org\/kktc\/kktc-engelsiz-bilisim-gunleri-2015\/12341348_900516643330838_5947511350156769663_n\/\" rel=\"attachment wp-att-432\"><img loading=\"lazy\" decoding=\"async\" class=\"aligncenter size-large wp-image-432\" src=\"http:\/\/www.engelsizbilisim.org\/kktc\/wp-content\/uploads\/2016\/12\/12341348_900516643330838_5947511350156769663_n.jpg\" alt=\"\" width=\"960\" height=\"640\" srcset=\"https:\/\/www.engelsizbilisim.org\/kktc\/wp-content\/uploads\/2016\/12\/12341348_900516643330838_5947511350156769663_n.jpg 960w, https:\/\/www.engelsizbilisim.org\/kktc\/wp-content\/uploads\/2016\/12\/12341348_900516643330838_5947511350156769663_n-300x200.jpg 300w, https:\/\/www.engelsizbilisim.org\/kktc\/wp-content\/uploads\/2016\/12\/12341348_900516643330838_5947511350156769663_n-768x512.jpg 768w\" sizes=\"auto, (max-width: 960px) 100vw, 960px\" \/><\/a> <a href=\"http:\/\/www.engelsizbilisim.org\/kktc\/kktc-engelsiz-bilisim-gunleri-2015\/12346480_900515473330955_5312683729058067274_n\/\" rel=\"attachment wp-att-433\"><img loading=\"lazy\" decoding=\"async\" class=\"aligncenter size-large wp-image-433\" src=\"http:\/\/www.engelsizbilisim.org\/kktc\/wp-content\/uploads\/2016\/12\/12346480_900515473330955_5312683729058067274_n.jpg\" alt=\"\" width=\"960\" height=\"640\" srcset=\"https:\/\/www.engelsizbilisim.org\/kktc\/wp-content\/uploads\/2016\/12\/12346480_900515473330955_5312683729058067274_n.jpg 960w, https:\/\/www.engelsizbilisim.org\/kktc\/wp-content\/uploads\/2016\/12\/12346480_900515473330955_5312683729058067274_n-300x200.jpg 300w, https:\/\/www.engelsizbilisim.org\/kktc\/wp-content\/uploads\/2016\/12\/12346480_900515473330955_5312683729058067274_n-768x512.jpg 768w\" sizes=\"auto, (max-width: 960px) 100vw, 960px\" \/><\/a> <a href=\"http:\/\/www.engelsizbilisim.org\/kktc\/kktc-engelsiz-bilisim-gunleri-2015\/12346552_900515719997597_5883409292669877652_n\/\" rel=\"attachment wp-att-434\"><img loading=\"lazy\" decoding=\"async\" class=\"aligncenter size-large wp-image-434\" src=\"http:\/\/www.engelsizbilisim.org\/kktc\/wp-content\/uploads\/2016\/12\/12346552_900515719997597_5883409292669877652_n.jpg\" alt=\"\" width=\"960\" height=\"640\" srcset=\"https:\/\/www.engelsizbilisim.org\/kktc\/wp-content\/uploads\/2016\/12\/12346552_900515719997597_5883409292669877652_n.jpg 960w, https:\/\/www.engelsizbilisim.org\/kktc\/wp-content\/uploads\/2016\/12\/12346552_900515719997597_5883409292669877652_n-300x200.jpg 300w, https:\/\/www.engelsizbilisim.org\/kktc\/wp-content\/uploads\/2016\/12\/12346552_900515719997597_5883409292669877652_n-768x512.jpg 768w\" sizes=\"auto, (max-width: 960px) 100vw, 960px\" \/><\/a> <a href=\"http:\/\/www.engelsizbilisim.org\/kktc\/kktc-engelsiz-bilisim-gunleri-2015\/12347926_900515093330993_1542730879080844486_n\/\" rel=\"attachment wp-att-435\"><img loading=\"lazy\" decoding=\"async\" class=\"aligncenter size-large wp-image-435\" src=\"http:\/\/www.engelsizbilisim.org\/kktc\/wp-content\/uploads\/2016\/12\/12347926_900515093330993_1542730879080844486_n.jpg\" alt=\"\" width=\"960\" height=\"640\" srcset=\"https:\/\/www.engelsizbilisim.org\/kktc\/wp-content\/uploads\/2016\/12\/12347926_900515093330993_1542730879080844486_n.jpg 960w, https:\/\/www.engelsizbilisim.org\/kktc\/wp-content\/uploads\/2016\/12\/12347926_900515093330993_1542730879080844486_n-300x200.jpg 300w, https:\/\/www.engelsizbilisim.org\/kktc\/wp-content\/uploads\/2016\/12\/12347926_900515093330993_1542730879080844486_n-768x512.jpg 768w\" sizes=\"auto, (max-width: 960px) 100vw, 960px\" \/><\/a> <a href=\"http:\/\/www.engelsizbilisim.org\/kktc\/kktc-engelsiz-bilisim-gunleri-2015\/12359845_900514729997696_4739471356484701283_n\/\" rel=\"attachment wp-att-436\"><img loading=\"lazy\" decoding=\"async\" class=\"aligncenter size-large wp-image-436\" src=\"http:\/\/www.engelsizbilisim.org\/kktc\/wp-content\/uploads\/2016\/12\/12359845_900514729997696_4739471356484701283_n.jpg\" alt=\"\" width=\"960\" height=\"640\" srcset=\"https:\/\/www.engelsizbilisim.org\/kktc\/wp-content\/uploads\/2016\/12\/12359845_900514729997696_4739471356484701283_n.jpg 960w, https:\/\/www.engelsizbilisim.org\/kktc\/wp-content\/uploads\/2016\/12\/12359845_900514729997696_4739471356484701283_n-300x200.jpg 300w, https:\/\/www.engelsizbilisim.org\/kktc\/wp-content\/uploads\/2016\/12\/12359845_900514729997696_4739471356484701283_n-768x512.jpg 768w\" sizes=\"auto, (max-width: 960px) 100vw, 960px\" \/><\/a> <a href=\"http:\/\/www.engelsizbilisim.org\/kktc\/kktc-engelsiz-bilisim-gunleri-2015\/12369032_900513033331199_6326589347152869082_n\/\" rel=\"attachment wp-att-437\"><img loading=\"lazy\" decoding=\"async\" class=\"aligncenter size-large wp-image-437\" src=\"http:\/\/www.engelsizbilisim.org\/kktc\/wp-content\/uploads\/2016\/12\/12369032_900513033331199_6326589347152869082_n.jpg\" alt=\"\" width=\"960\" height=\"640\" srcset=\"https:\/\/www.engelsizbilisim.org\/kktc\/wp-content\/uploads\/2016\/12\/12369032_900513033331199_6326589347152869082_n.jpg 960w, https:\/\/www.engelsizbilisim.org\/kktc\/wp-content\/uploads\/2016\/12\/12369032_900513033331199_6326589347152869082_n-300x200.jpg 300w, https:\/\/www.engelsizbilisim.org\/kktc\/wp-content\/uploads\/2016\/12\/12369032_900513033331199_6326589347152869082_n-768x512.jpg 768w\" sizes=\"auto, (max-width: 960px) 100vw, 960px\" \/><\/a> <a href=\"http:\/\/www.engelsizbilisim.org\/kktc\/kktc-engelsiz-bilisim-gunleri-2015\/12369071_900512459997923_7315650276270553168_n\/\" rel=\"attachment wp-att-438\"><img loading=\"lazy\" decoding=\"async\" class=\"aligncenter size-large wp-image-438\" src=\"http:\/\/www.engelsizbilisim.org\/kktc\/wp-content\/uploads\/2016\/12\/12369071_900512459997923_7315650276270553168_n.jpg\" alt=\"\" width=\"960\" height=\"640\" srcset=\"https:\/\/www.engelsizbilisim.org\/kktc\/wp-content\/uploads\/2016\/12\/12369071_900512459997923_7315650276270553168_n.jpg 960w, https:\/\/www.engelsizbilisim.org\/kktc\/wp-content\/uploads\/2016\/12\/12369071_900512459997923_7315650276270553168_n-300x200.jpg 300w, https:\/\/www.engelsizbilisim.org\/kktc\/wp-content\/uploads\/2016\/12\/12369071_900512459997923_7315650276270553168_n-768x512.jpg 768w\" sizes=\"auto, (max-width: 960px) 100vw, 960px\" \/><\/a> <a href=\"http:\/\/www.engelsizbilisim.org\/kktc\/kktc-engelsiz-bilisim-gunleri-2015\/12376047_900514369997732_6862992891295043832_n\/\" rel=\"attachment wp-att-439\"><img loading=\"lazy\" decoding=\"async\" class=\"aligncenter size-large wp-image-439\" src=\"http:\/\/www.engelsizbilisim.org\/kktc\/wp-content\/uploads\/2016\/12\/12376047_900514369997732_6862992891295043832_n.jpg\" alt=\"\" width=\"960\" height=\"640\" srcset=\"https:\/\/www.engelsizbilisim.org\/kktc\/wp-content\/uploads\/2016\/12\/12376047_900514369997732_6862992891295043832_n.jpg 960w, https:\/\/www.engelsizbilisim.org\/kktc\/wp-content\/uploads\/2016\/12\/12376047_900514369997732_6862992891295043832_n-300x200.jpg 300w, https:\/\/www.engelsizbilisim.org\/kktc\/wp-content\/uploads\/2016\/12\/12376047_900514369997732_6862992891295043832_n-768x512.jpg 768w\" sizes=\"auto, (max-width: 960px) 100vw, 960px\" \/><\/a> <a href=\"http:\/\/www.engelsizbilisim.org\/kktc\/kktc-engelsiz-bilisim-gunleri-2015\/12390940_900512289997940_6194666283397214094_n\/\" rel=\"attachment wp-att-440\"><img loading=\"lazy\" decoding=\"async\" class=\"aligncenter size-large wp-image-440\" src=\"http:\/\/www.engelsizbilisim.org\/kktc\/wp-content\/uploads\/2016\/12\/12390940_900512289997940_6194666283397214094_n.jpg\" alt=\"\" width=\"960\" height=\"640\" srcset=\"https:\/\/www.engelsizbilisim.org\/kktc\/wp-content\/uploads\/2016\/12\/12390940_900512289997940_6194666283397214094_n.jpg 960w, https:\/\/www.engelsizbilisim.org\/kktc\/wp-content\/uploads\/2016\/12\/12390940_900512289997940_6194666283397214094_n-300x200.jpg 300w, https:\/\/www.engelsizbilisim.org\/kktc\/wp-content\/uploads\/2016\/12\/12390940_900512289997940_6194666283397214094_n-768x512.jpg 768w\" sizes=\"auto, (max-width: 960px) 100vw, 960px\" \/><\/a> <a href=\"http:\/\/www.engelsizbilisim.org\/kktc\/kktc-engelsiz-bilisim-gunleri-2015\/img_6107-1\/\" rel=\"attachment wp-att-441\"><img loading=\"lazy\" decoding=\"async\" class=\"aligncenter size-large wp-image-441\" src=\"http:\/\/www.engelsizbilisim.org\/kktc\/wp-content\/uploads\/2016\/12\/IMG_6107-1.jpg\" alt=\"\" width=\"720\" height=\"480\" srcset=\"https:\/\/www.engelsizbilisim.org\/kktc\/wp-content\/uploads\/2016\/12\/IMG_6107-1.jpg 720w, https:\/\/www.engelsizbilisim.org\/kktc\/wp-content\/uploads\/2016\/12\/IMG_6107-1-300x200.jpg 300w\" sizes=\"auto, (max-width: 720px) 100vw, 720px\" \/><\/a> <a href=\"http:\/\/www.engelsizbilisim.org\/kktc\/kktc-engelsiz-bilisim-gunleri-2015\/img_6107\/\" rel=\"attachment wp-att-442\"><img loading=\"lazy\" decoding=\"async\" class=\"aligncenter size-large wp-image-442\" src=\"http:\/\/www.engelsizbilisim.org\/kktc\/wp-content\/uploads\/2016\/12\/IMG_6107.jpg\" alt=\"\" width=\"720\" height=\"480\" srcset=\"https:\/\/www.engelsizbilisim.org\/kktc\/wp-content\/uploads\/2016\/12\/IMG_6107.jpg 720w, https:\/\/www.engelsizbilisim.org\/kktc\/wp-content\/uploads\/2016\/12\/IMG_6107-300x200.jpg 300w\" sizes=\"auto, (max-width: 720px) 100vw, 720px\" \/><\/a> <a href=\"http:\/\/www.engelsizbilisim.org\/kktc\/kktc-engelsiz-bilisim-gunleri-2015\/img_6150\/\" rel=\"attachment wp-att-443\"><img loading=\"lazy\" decoding=\"async\" class=\"aligncenter size-large wp-image-443\" src=\"http:\/\/www.engelsizbilisim.org\/kktc\/wp-content\/uploads\/2016\/12\/IMG_6150.jpg\" alt=\"\" width=\"720\" height=\"480\" srcset=\"https:\/\/www.engelsizbilisim.org\/kktc\/wp-content\/uploads\/2016\/12\/IMG_6150.jpg 720w, https:\/\/www.engelsizbilisim.org\/kktc\/wp-content\/uploads\/2016\/12\/IMG_6150-300x200.jpg 300w\" sizes=\"auto, (max-width: 720px) 100vw, 720px\" \/><\/a> <a href=\"http:\/\/www.engelsizbilisim.org\/kktc\/kktc-engelsiz-bilisim-gunleri-2015\/img_6462\/\" rel=\"attachment wp-att-444\"><img loading=\"lazy\" decoding=\"async\" class=\"aligncenter size-large wp-image-444\" src=\"http:\/\/www.engelsizbilisim.org\/kktc\/wp-content\/uploads\/2016\/12\/IMG_6462.jpg\" alt=\"\" width=\"720\" height=\"480\" srcset=\"https:\/\/www.engelsizbilisim.org\/kktc\/wp-content\/uploads\/2016\/12\/IMG_6462.jpg 720w, https:\/\/www.engelsizbilisim.org\/kktc\/wp-content\/uploads\/2016\/12\/IMG_6462-300x200.jpg 300w\" sizes=\"auto, (max-width: 720px) 100vw, 720px\" \/><\/a> <a href=\"http:\/\/www.engelsizbilisim.org\/kktc\/kktc-engelsiz-bilisim-gunleri-2015\/img_6557\/\" rel=\"attachment wp-att-445\"><img loading=\"lazy\" decoding=\"async\" class=\"aligncenter size-large wp-image-445\" src=\"http:\/\/www.engelsizbilisim.org\/kktc\/wp-content\/uploads\/2016\/12\/IMG_6557.jpg\" alt=\"\" width=\"720\" height=\"480\" srcset=\"https:\/\/www.engelsizbilisim.org\/kktc\/wp-content\/uploads\/2016\/12\/IMG_6557.jpg 720w, https:\/\/www.engelsizbilisim.org\/kktc\/wp-content\/uploads\/2016\/12\/IMG_6557-300x200.jpg 300w\" sizes=\"auto, (max-width: 720px) 100vw, 720px\" \/><\/a><\/div>\n<div><\/div>\n<div>\n<h1><strong>KKTC ENGELS\u0130Z B\u0130L\u0130\u015e\u0130M G\u00dcNLER\u0130 2015<\/strong><br \/>\n10\u00a0Aral\u0131k 2015 Per\u015fembe<\/h1>\n<p><strong>Saat 9:00\u00a0Yak\u0131n Do\u011fu \u00dcniversitesi K\u00fct\u00fcphanesi Salon IV<\/strong><\/p>\n<p><strong>A\u00e7\u0131l\u0131\u015f Konu\u015fmalar\u0131<\/strong><\/p>\n<ul>\n<li>Do\u00e7. Dr. Zehra Alt\u0131nay, Center of Excellence ba\u011fl\u0131 Toplumsal Ara\u015ft\u0131rma ve Geli\u015ftirme Merkezi E\u015fba\u015fkan\u0131<\/li>\n<li>Mustafa \u00d6zhan KALA\u00c7, T\u00fcrkiye Engelsiz Bili\u015fim Platformu Koordinat\u00f6r\u00fc, Celal Bayar \u00dcniversitesi<\/li>\n<li>G\u00fcnay Kibrit, KKTC Engelsiz Bili\u015fim Platformu \u2013 K\u0131br\u0131s T\u00fcrk Ortopedik \u00d6z\u00fcrl\u00fcler Derne\u011fi Ba\u015fkan\u0131<\/li>\n<li>Koray \u00d6zer \u2013 TC Bili\u015fim Derne\u011fi<\/li>\n<li>Nihat Y\u0131lmaz \u2013 KKTC Bili\u015fim Derne\u011fi<\/li>\n<li>Hakan Din\u00e7y\u00fcrek<\/li>\n<li>Ayhan Bar\u0131\u015f \u2013 Kuzey K\u0131br\u0131s Turkcell Marka ve M\u00fc\u015fteri Deneyimi Y\u00f6netimi Genel M\u00fcd\u00fcr Yard\u0131mc\u0131s\u0131<\/li>\n<li>Dr. Nedime Serak\u0131nc\u0131 \u2013 Center of Excellence Ba\u015fkan\u0131<\/li>\n<li>Dr. Fahrettin Sad\u0131ko\u011flu \u2013 YDU Rekt\u00f6r Yard\u0131mc\u0131s\u0131<\/li>\n<li>Dr. Ahmet Kemal \u00c7elebi \u2013 Celal Bayar \u00dcniversitesi Rekt\u00f6r\u00fc<\/li>\n<li>Do\u00e7. Dr. \u0130rfan S. G\u00fcnsel \u2013 YD\u00dc M\u00fctevelli Heyeti Ba\u015fkan\u0131<\/li>\n<li>Kemal D\u00fcr\u00fcst \u2013 KKTC Milli E\u011fitim Bakan\u0131<\/li>\n<li>Meral Ak\u0131nc\u0131 \u2013 Cumhurba\u015fkan\u0131 Mustafa Ak\u0131nc\u0131\u2019n\u0131n E\u015fi<\/li>\n<\/ul>\n<p><strong>Saat 10:00\u00a0<\/strong><strong>Lefko\u015fa \u00d6zel E\u011fitim Merkezi ve \u0130\u015f E\u011fitim Merkezi Korosu<\/strong><br \/>\n<strong>Saat 10:15\u00a0<\/strong><strong>Gazima\u011fusa Irfan Nadir 18 Ya\u015f \u00dcst\u00fc Engelli Rehabilitasyon Merkezi Folklor G\u00f6sterisi<\/strong><br \/>\n<strong>Saat 10:30<\/strong><strong>\u00a0Kalbimizin Ritmi G\u00f6sterisi<\/strong><br \/>\n<strong>Saat 10:45\u00a0<\/strong><strong>Kuzey K\u0131br\u0131s Turkcell \u00a0\u201cEngelsiz Ya\u015fam\u201d Sunumu<\/strong><strong>\u00a0<\/strong><br \/>\n<strong>Saat 11:00<\/strong>\u00a0<strong>KKTC\u2019de Engelsiz Bili\u015fim \u00c7al\u0131\u015fmalar\u0131<\/strong><\/p>\n<p><strong>Moderat\u00f6r: Gunay Kibrit- K\u0131br\u0131s T\u00fcrk Ortopedik \u00d6z\u00fcrl\u00fcler Derne\u011fi<\/strong><\/p>\n<ul>\n<li><strong>Ceyda\u00a0Sofuoglu<\/strong><\/li>\n<li><strong>\u00c7elen Ca\u011fansoy<\/strong><\/li>\n<\/ul>\n<p>&nbsp;<\/p>\n<p><strong>Saat 11: 30 \u2013\u00a012:00\u00a0<\/strong><strong>D\u00dcNYA\u2019DA ENGELS\u0130Z B\u0130L\u0130\u015e\u0130M UYGULAMALARI ve ARA\u015eTIRMA<\/strong><\/p>\n<p><strong>Oturum Ba\u015fkan\u0131<\/strong>:\u00a0<strong>Prof. Dr. Sevin\u00e7 G\u00fclse\u00e7en- \u0130stanbul Universitesi<\/strong><\/p>\n<p><strong>Konu\u015fmac\u0131lar:<\/strong><\/p>\n<p><strong>Prof. Dr. Demetrios G Sampson ,\u00a0Dr. Panagiotis Zervas-Journal of Educational Technology &amp; Society<\/strong><\/p>\n<p><strong>\u00a0Dr. Matteo Perchiazzi-Scuola Ital\u0131ana di Mentoring<\/strong><\/p>\n<p><strong>\u00a0Yrd. Do\u00e7. Dr. Mehmet Palanc\u0131- E\u011fitim ve Bilim Dergisi Editor\u00fc<\/strong><\/p>\n<p>&nbsp;<\/p>\n<p><strong>12:30-13:00\u00a0\u00a0<\/strong><strong>Canda Engel Olmaz-Mustafa \u00d6zt\u00fcrk-\u00dcsk\u00fcdar \u00dcniversitesi<\/strong><\/p>\n<p><strong>13:00-14:00\u00a0\u00d6\u011fle Aras\u0131<\/strong><\/p>\n<p>&nbsp;<\/p>\n<p><strong>14:00- 15:00\u00a0<\/strong><strong>T\u00dcRK\u0130YE\u2019DE BA\u015eARILI ENGELS\u0130Z B\u0130L\u0130\u015e\u0130M UYGULAMALARI\u00a0<\/strong><\/p>\n<p><strong>\u00a0\u00a0\u00a0\u00a0\u00a0 Oturum Ba\u015fkan\u0131: Prof. Dr. Gonca Telli (TC Engelsiz Bili\u015fim Platformu)<\/strong><\/p>\n<p><strong>\u00a0\u00a0\u00a0\u00a0\u00a0 Konu\u015fmac\u0131lar:<\/strong><\/p>\n<ul>\n<li><strong>\u00dcniversite Engelli Birim \u00c7al\u0131\u015fmalar\u0131 ve Bili\u015fim,\u00a0Prof. Dr. Eser Eke BAYRAMO\u011eLU\u00a0<\/strong><\/li>\n<li><strong>\u2018Engelsiz E\u011fitim Program\u0131\u2019- Gamze Sofuo\u011flu<\/strong><\/li>\n<li><strong>ODER Birikim D\u00fckkan, Geli\u015fim At\u00f6lyesi, Plan ve \u0130leti\u015fim Projesi- Ye\u015fim Bay\u0131nd\u0131r Zorlu<\/strong><\/li>\n<li><strong>E\u011fitimde Uzaktan E\u011fitim \u00c7al\u0131\u015fmalar\u0131- Emre Ta\u015fk\u0131n<\/strong><\/li>\n<\/ul>\n<p><strong>15:00<\/strong>\u00a0<strong>\u00a0<\/strong><strong>\u201c\u0130\u015faret Dilini \u00d6\u011freniyorum\u201d K\u0131sa Film G\u00f6sterimi- Celal Bayar \u00dcniversitesi<\/strong><\/p>\n<p><strong>\u00a0\u00a0 15:00-16:30\u00a0<\/strong><strong>ENGELS\u0130Z B\u0130L\u0130\u015e\u0130M ve Y\u00dcKSEK \u00d6\u011eRET\u0130M UYGULAMALARI<\/strong><\/p>\n<p><strong>\u00a0\u00a0 Oturum Ba\u015fkan\u0131: Prof. Dr. H\u00fcseyin Uzunboylu- Yak\u0131n Do\u011fu \u00dcniversitesi<\/strong><\/p>\n<p><strong>\u00a0\u00a0 Konu\u015fmac\u0131lar:<\/strong><\/p>\n<ul>\n<li><strong>Dr. Ya\u015far \u00d6zden-Do\u011fu Akdeniz \u00dcniversitesi<\/strong><\/li>\n<li><strong>Dr. M\u00fcge Adnan- Mu\u011fla \u00dcniversitesi<\/strong><\/li>\n<li><strong>Dr. Ahmet Konrot- \u00dcsk\u00fcdar \u00dcniversitesi<\/strong><\/li>\n<li><strong>Do\u00e7. Dr. A\u015fk\u0131m Kurt- Anadolu \u00dcniversitesi<\/strong><\/li>\n<li><strong>Do\u00e7. Dr. Yeliz Ye\u015filada- Orta Do\u011fu Teknik \u00dcniversitesi<\/strong><\/li>\n<\/ul>\n<p>&nbsp;<\/p>\n<p><strong>16:30-17:30\u00a0<\/strong><strong>ENGELS\u0130Z SANAT<\/strong><\/p>\n<p><strong>Do\u00e7. Dr. B\u00fclent Salderay- Gazi \u00dcniversitesi<\/strong><\/p>\n<p><strong>Tekerlek \u0130zleri \u2013\u00a0Aysan Ozcezarli, Erdo\u011fan Kavaz, Orkun Bozkurt<\/strong><\/p>\n<p>&nbsp;<\/p>\n<p><strong>17:30-18:30\u00a0\u00a0<\/strong><strong>ENGELS\u0130Z MEDYA<\/strong><\/p>\n<p><strong>\u00a0<\/strong><\/p>\n<p>Not: G\u00fcn boyunca Gazima\u011fusa \u00d6zel E\u011fitim Merkezinin sergisi etkinlikte yer alacakt\u0131r.<\/p>\n<p>&nbsp;<\/p>\n<h1><strong>KKTC ENGELS\u0130Z B\u0130L\u0130\u015e\u0130M G\u00dcNLER\u0130 2015<\/strong><br \/>\n11 Aral\u0131k 2015\u00a0Cuma<\/h1>\n<p><strong>ETKINLIK 1. ENGELS\u0130Z B\u0130L\u0130\u015e\u0130M \u00c7ALI\u015eTAYI ve B\u0130L\u0130MSEL \u00c7ALI\u015eMALAR<\/strong><\/p>\n<p><strong>Salon B 101, Saat 09:00-13:00<\/strong><\/p>\n<p><strong>9:00-10:00 A\u00e7\u0131l\u0131\u015f Konu\u015fmas\u0131<\/strong><\/p>\n<p>1.<strong>Oturum: Remime Kocoglu (\u00c7al\u0131\u015ftay Moderatoru ve TBD BT Koordinat\u00f6r\u00fc)<\/strong><\/p>\n<p><strong>Konu\u015fmac\u0131lar:<\/strong><\/p>\n<ul>\n<li><strong>Kubilay Sungur- TC Milli E\u011fitim Bakanl\u0131\u011f\u0131<\/strong><\/li>\n<li><strong>Lisani Deniz, Ali Tuzunkan-<\/strong>Bilisim Calismalari ve Istihdam (Denizler Bilisim Hizmetleri, Inovia Digital)<\/li>\n<li><strong>Ersin Ta\u015f\u00e7\u0131- T\u00fcrkiye Bili\u015fim Derne\u011fi<\/strong><\/li>\n<li><strong>Do\u00e7. Dr. Deniz Mertkan Gezgin- Orta Do\u011fu Teknik \u00dcniversitesi<\/strong><\/li>\n<li><strong>Levent Karada\u011f- T\u00fcrkiye Bili\u015fim Derne\u011fi<\/strong><\/li>\n<li><strong>Mehmet Ekin Vaiz- Yak\u0131n Do\u011fu \u00dcniversitesi<\/strong><\/li>\n<\/ul>\n<p><strong>11:00-12:00<\/strong><\/p>\n<ol start=\"2\">\n<li><strong>Oturum Umure \u00d6rs- KKTC \u00c7al\u0131\u015fma Bakanl\u0131\u011f\u0131<\/strong><\/li>\n<\/ol>\n<p><strong>Konu\u015fmac\u0131lar:<\/strong><\/p>\n<ul>\n<li><strong>Emirali Evcimen- MEB \u00d6zel E\u011fitim Kurumu<\/strong><\/li>\n<li><strong>Soner \u00d6yken- MEB \u00d6zel E\u011fitim Kurumu<\/strong><\/li>\n<li><strong>Do\u00e7. Dr. H\u00fcseyin Bicen- Yak\u0131n Do\u011fu \u00dcniversitesi UZEM<\/strong><\/li>\n<li><strong>Sibel Din\u00e7y\u00fcrek, Do\u011fu Akdeniz \u00dcniversitesi<\/strong><\/li>\n<li><strong>\u00d6mer Suay \u2013\u00a0Engelliler Dayanisma Dernegi<\/strong><\/li>\n<li><strong>G\u00f6khan G\u00fcven- Uluslararas\u0131 K\u0131br\u0131s \u00dcniversitesi<\/strong><\/li>\n<\/ul>\n<p>&nbsp;<\/p>\n<p><strong>\u00a0\u00a012:00-13:00<\/strong><\/p>\n<ol start=\"3\">\n<li><strong>Oturum: Prof. Dr. Hakan Sar\u0131<\/strong><\/li>\n<\/ol>\n<p><strong>Konu\u015fmac\u0131lar:<\/strong><\/p>\n<ul>\n<li><strong>Do\u00e7. Dr. Hasan Karal, Yrd. Do\u00e7. Dr. Muhammet Berigel-Karadeniz Teknik \u00dcniversitesi<\/strong><\/li>\n<li><strong>Do\u00e7. Dr. Ersun \u0130\u015f\u00e7io\u011flu, Do\u011fu Akdeniz \u00dcniversitesi<\/strong><\/li>\n<li><strong>Do\u00e7. Dr. Fezile \u00d6zdaml\u0131-Yak\u0131n Do\u011fu \u00dcniversitesi<\/strong><\/li>\n<li><strong>Didem Eskimez- British University of Nicosia<\/strong><\/li>\n<li><strong>Do\u00e7. Dr. Metin Ersoy- Do\u011fu Akdeniz \u00dcniversitesi<\/strong><\/li>\n<\/ul>\n<p>&nbsp;<\/p>\n<p><strong>\u00a013:00-14:00<\/strong><\/p>\n<ol start=\"4\">\n<li><strong>Oturum: Ziya \u00d6zt\u00fcrkler- KKTC Milli E\u011fitim Bakanl\u0131\u011f\u0131<\/strong><\/li>\n<\/ol>\n<p><strong>Konu\u015fmac\u0131lar:<\/strong><\/p>\n<ul>\n<li><strong>Do\u00e7. Dr. Mukaddes Demirok Sakall\u0131-Yak\u0131n Do\u011fu Universitesi<\/strong><\/li>\n<li><strong>Lutfiye Fedai, KKTC Milli E\u011fitim Bakanl\u0131\u011f\u0131<\/strong><\/li>\n<li><strong>Bahire Do\u011fru \u2013\u00a0K\u0131br\u0131s \u0130\u015fitme Konu\u015fma Engelliler Vakf\u0131<\/strong><\/li>\n<li><strong>Hediye E\u011fitmen<\/strong><\/li>\n<li><strong>Beyaz Yasemin Projesi- Lefkosa Turk Belediyesi<\/strong><\/li>\n<li><strong>Melek \u00c7aluda<\/strong><\/li>\n<li><strong>Ferit Can Kiremit\u00e7i \u2013\u00a0Ergoterapi Derne\u011fi Genclik Komisyonu<\/strong><\/li>\n<li><strong>Adem Kuyucu- Engelsiz Hayat Dayan\u0131\u015fma Derne\u011fi<\/strong><\/li>\n<\/ul>\n<p>&nbsp;<\/p>\n<p>&nbsp;<\/p>\n<p><strong>ETKINLIK II. \u201c\u00c7OCUKLAR YA\u015eADIKLARINDAN \u00d6\u011eREN\u0130RLER\u2019 \u00c7ALI\u015eTAYI\u201d<\/strong><\/p>\n<p><strong>Saat 9:00-13:00, Yak\u0131n Do\u011fu \u00dcniversitesi Lacivert Salon<\/strong><\/p>\n<p><strong>Saat 9:00-9:30 A\u00e7\u0131l\u0131\u015f<\/strong><\/p>\n<p><strong>\u015eiir \u00d6d\u00fcl T\u00f6reni<\/strong><\/p>\n<p><strong>(Koray \u00d6zer-T\u00fcrkiye Bili\u015fim Derne\u011fi ve Do\u00e7. Dr. Zehra Alt\u0131nay-Center of Excellence ba\u011fl\u0131 Toplumsal Ara\u015ft\u0131rma ve Geli\u015ftirme Merkezi)<\/strong><\/p>\n<p><strong>Saat 9:30-10:30\u00a0\u00a0\u00a0<\/strong><\/p>\n<p><strong>Moderat\u00f6rler: Do\u00e7. Dr. Fahriye Alt\u0131nay, Mehmet Ekin Vaiz<\/strong><\/p>\n<p><strong>Coaching and Mentoring Dr. Matteo Perchiazzi<\/strong><\/p>\n<p><strong>Saat 10:30-11:00\u00a0\u00a0\u00a0<\/strong><\/p>\n<p><strong>Moderat\u00f6rler: Do\u00e7. Dr. G\u00f6kmen Da\u011fl\u0131, Do\u00e7. Dr. Umut Kolda\u015f<\/strong><\/p>\n<p><strong>G\u00fcvenli ve Mutlu Yar\u0131nlar Projesi- Osman \u00d6zt\u00fcrk, Yrd. Do\u00e7. Dr. \u00c7a\u011fla Garipa\u011fao\u011flu (Bah\u00e7e\u015fehir \u00dcniversitesi)<\/strong><\/p>\n<p><strong>Saat 11:00-13:00\u00a0\u00a0<\/strong><\/p>\n<p><strong>Moderat\u00f6rler: Do\u00e7. Dr. Ahmet G\u00fcneyli, Menil \u00c7elebi<\/strong><\/p>\n<p><strong>Odak Grup \u00c7al\u0131\u015fmas\u0131 ve \u00c7\u00f6z\u00fcm \u00d6nerileri<\/strong><\/p>\n<\/div>\n","protected":false},"excerpt":{"rendered":"<p>Yak\u0131n Do\u011fu \u00dcniversitesi ev sahipli\u011finde KKTC Engelsiz Bili\u015fim Platformu ve T\u00fcrkiye Engelsiz Bili\u015fim Platformu (Celal Bayar \u00dcniversitesi) katk\u0131lar\u0131yla, Center of Excellence ba\u011fl\u0131 Toplumsal Ara\u015ft\u0131rma ve Geli\u015ftirme Merkezi, Yak\u0131n Do\u011fu Enstit\u00fcs\u00fc organizasyonuyla \u00a0&#8220;III. KKTC Engelsiz Bili\u015fim G\u00fcnleri&#8221; i\u00e7in 10-11 Aral\u0131k 2015 tarihleri aras\u0131nda ger\u00e7ekle\u015ftirildi. 10 Aral\u0131k 2015 tarihinde ger\u00e7ekle\u015ftirilen a\u00e7\u0131l\u0131\u015f t\u00f6renine KKTC Cumhurba\u015fkan\u0131 Mustafa Ak\u0131nc\u0131&#8217;n\u0131n e\u015fi &hellip; <\/p>\n<p><a class=\"more-link btn\" href=\"https:\/\/www.engelsizbilisim.org\/kktc\/kktc-engelsiz-bilisim-gunleri-2015\/\">Devam\u0131n\u0131 oku<\/a><\/p>\n","protected":false},"author":1,"featured_media":0,"parent":0,"menu_order":0,"comment_status":"closed","ping_status":"closed","template":"","meta":{"footnotes":""},"class_list":["post-430","page","type-page","status-publish","hentry","nodate","item-wrap"],"_links":{"self":[{"href":"https:\/\/www.engelsizbilisim.org\/kktc\/wp-json\/wp\/v2\/pages\/430","targetHints":{"allow":["GET"]}}],"collection":[{"href":"https:\/\/www.engelsizbilisim.org\/kktc\/wp-json\/wp\/v2\/pages"}],"about":[{"href":"https:\/\/www.engelsizbilisim.org\/kktc\/wp-json\/wp\/v2\/types\/page"}],"author":[{"embeddable":true,"href":"https:\/\/www.engelsizbilisim.org\/kktc\/wp-json\/wp\/v2\/users\/1"}],"replies":[{"embeddable":true,"href":"https:\/\/www.engelsizbilisim.org\/kktc\/wp-json\/wp\/v2\/comments?post=430"}],"version-history":[{"count":2,"href":"https:\/\/www.engelsizbilisim.org\/kktc\/wp-json\/wp\/v2\/pages\/430\/revisions"}],"predecessor-version":[{"id":447,"href":"https:\/\/www.engelsizbilisim.org\/kktc\/wp-json\/wp\/v2\/pages\/430\/revisions\/447"}],"wp:attachment":[{"href":"https:\/\/www.engelsizbilisim.org\/kktc\/wp-json\/wp\/v2\/media?parent=430"}],"curies":[{"name":"wp","href":"https:\/\/api.w.org\/{rel}","templated":true}]}}