{"id":709,"date":"2022-12-29T08:24:41","date_gmt":"2022-12-29T08:24:41","guid":{"rendered":"https:\/\/www.engelsizbilisim.org\/kktc\/?page_id=709"},"modified":"2022-12-29T08:26:07","modified_gmt":"2022-12-29T08:26:07","slug":"kktc-engelsiz-bilisim-gunleri-2021","status":"publish","type":"page","link":"https:\/\/www.engelsizbilisim.org\/kktc\/kktc-engelsiz-bilisim-gunleri-2021\/","title":{"rendered":"KKTC Engelsiz Bili\u015fim G\u00fcnleri 2021"},"content":{"rendered":"\n<p class=\"wp-block-paragraph\">9. KKTC Engelsiz Bili\u015fim G\u00fcnleri, KKTC Engelsiz Bili\u015fim Platformu, Manisa Celal Bayar \u00dcniversitesi ve T\u00fcrkiye Engelsiz Bili\u015fim Platformu i\u015f birli\u011fi ile Yak\u0131n Do\u011fu \u00dcniversitesi ev sahipli\u011finde YDU Prof. Dr. \u00dcmit Hassan Cumhuriyet Salonu\u2019nda ger\u00e7ekle\u015ftirildi.<\/p>\n\n\n\n<figure class=\"wp-block-image\"><a href=\"https:\/\/www.engelsizbilisim.org\/wp-content\/uploads\/acilisprogrami.jpeg\"><img decoding=\"async\" src=\"https:\/\/www.engelsizbilisim.org\/wp-content\/uploads\/acilisprogrami.jpeg\" alt=\"9. KKTC Engelsiz Bili\u015fim G\u00fcnleri A\u00e7\u0131l\u0131\u015f program\u0131 \u00f6ncesinden toplu bir foto\u011fraf\" class=\"wp-image-2932\"\/><\/a><\/figure>\n\n\n\n<p class=\"wp-block-paragraph\">14 Aral\u0131k 2021 tarihinde ger\u00e7ekle\u015ftirilen etkinlik a\u00e7\u0131l\u0131\u015f\u0131na KKTC Cumhurba\u015fkan\u0131 Ersin TATAR, T.C. Lefko\u015fa B\u00fcy\u00fckel\u00e7isi Ali Murat BA\u015e\u00c7ER, Yak\u0131n Do\u011fu \u00dcniversitesi Kurucu Rekt\u00f6r\u00fc Dr. Suat \u0130rfan G\u00dcNSEL, \u00dcniversiteleraras\u0131 Kurul D\u00f6nem Ba\u015fkan\u0131 ve Manisa Celal Bayar \u00dcniversitesi Rekt\u00f6r\u00fc Prof. Dr. Ahmet ATA\u00c7, Yak\u0131n Do\u011fu \u00dcniversitesi Rekt\u00f6r Vekili Prof. Dr. Tamer \u015eANLIDA\u011e, T\u00fcrkiye ASHB Engelli ve Ya\u015fl\u0131 Hizmetleri Genel M\u00fcd\u00fcr Yard\u0131mc\u0131s\u0131 \u00d6nal \u0130NALTEK\u0130N, ASHB Engelli ve Ya\u015fl\u0131 Hizmetleri Genel M\u00fcd\u00fcrl\u00fc\u011f\u00fc Eri\u015filebilirlik Daire Ba\u015fkan\u0131 Tayyar KUZ, T\u00fcrkiye Engelsiz Bili\u015fim Platformu Koordinat\u00f6r\u00fc ve Manisa Celal Bayar \u00dcniversitesi \u00d6\u011fretim \u00dcyesi Dr. Mustafa \u00d6zhan KALA\u00c7, KKTC Cumhurba\u015fkanl\u0131\u011f\u0131 \u2013 Engelliler Komite Ba\u015fkan\u0131 Ahmet AKDEN\u0130Z, \u00f6\u011fretim elemanlar\u0131, STK temsilcileri ve \u00f6\u011frenciler kat\u0131ld\u0131.<\/p>\n\n\n\n<figure class=\"wp-block-image\"><a href=\"https:\/\/www.engelsizbilisim.org\/wp-content\/uploads\/DSC_8552-scaled.jpg\"><img decoding=\"async\" src=\"https:\/\/www.engelsizbilisim.org\/wp-content\/uploads\/DSC_8552-scaled.jpg\" alt=\"A\u00e7\u0131l\u0131\u015f konu\u015fmalar\u0131 yap\u0131l\u0131rken Cumhurba\u015fkan\u0131 Ersin TATAR'\u0131n foto\u011fraf\u0131\" class=\"wp-image-2933\"\/><\/a><\/figure>\n\n\n\n<p class=\"wp-block-paragraph\">Bu y\u0131l dokuzuncusu d\u00fczenlenen etkinli\u011fin a\u00e7\u0131l\u0131\u015f\u0131nda KKTC Cumhurba\u015fkan\u0131 Ersin TATAR, T.C. Lefko\u015fa B\u00fcy\u00fckel\u00e7isi Ali Murat BA\u015e\u00c7ER\u0130, \u00dcniversiteleraras\u0131 Kurul D\u00f6nem Ba\u015fkan\u0131 ve Manisa Celal Bayar \u00dcniversitesi Rekt\u00f6r\u00fc Prof. Dr. Ahmet ATA\u00c7, Yak\u0131n Do\u011fu \u00dcniversitesi Rekt\u00f6r Vekili Prof. Dr. Tamer \u015eANLIDA\u011e, T.C. Aile ve Sosyal Hizmetler Bakanl\u0131\u011f\u0131 Engelli ve Ya\u015fl\u0131 Hizmetleri Genel M\u00fcd\u00fcr Vekili \u00d6nal \u0130NALTEK\u0130N, T\u00fcrkiye Engelsiz Bili\u015fim Platformu Koordinat\u00f6r\u00fc ve Manisa Celal Bayar \u00dcniversitesi \u00d6\u011fretim \u00dcyesi &nbsp;Dr. Mustafa \u00d6zhan KALA\u00c7, Cumhurba\u015fkanl\u0131\u011f\u0131 Engelliler Komitesi Ba\u015fkan\u0131 Ahmet AKDEN\u0130Z ile Yak\u0131n Do\u011fu \u00dcniversitesi Toplumsal Ara\u015ft\u0131rma ve Geli\u015ftirme Merkezi Ba\u015fkan\u0131 Prof. Dr. Zehra ALTINAY birer konu\u015fma yapt\u0131lar.<\/p>\n\n\n\n<figure class=\"wp-block-image\"><a href=\"https:\/\/www.engelsizbilisim.org\/wp-content\/uploads\/cumhurbaskani.jpg\"><img decoding=\"async\" src=\"https:\/\/www.engelsizbilisim.org\/wp-content\/uploads\/cumhurbaskani.jpg\" alt=\"Cumhurba\u015fkan\u0131 Ersin TATAR'\u0131n a\u00e7\u0131l\u0131\u015f konu\u015fmas\u0131\" class=\"wp-image-2935\"\/><\/a><\/figure>\n\n\n\n<p class=\"wp-block-paragraph\"><strong>KKTC Cumhurba\u015fkan\u0131 Ersin Tatar: \u201cHer yerde ve her alanda engelsiz bir ya\u015fam i\u00e7in, toplumun bir bireyi olarak, insan haklar\u0131 ad\u0131na yap\u0131lmas\u0131 gerekenleri yapaca\u011f\u0131z.\u201d<\/strong><br>Cumhurba\u015fkan\u0131 Ersin Tatar, b\u00f6ylesine anlaml\u0131 bir organizasyonda bulunmaktan dolay\u0131 duydu\u011fu mutlulu\u011fu dile getirerek, \u201cD\u00fcnyal\u0131 olabilmenin kudreti ve evrenselli\u011fiyle insanl\u0131k ad\u0131na bu \u00e7al\u0131\u015fmalar\u0131 yapmak durumunday\u0131z ve yap\u0131yoruz\u201d ifadelerini kulland\u0131.<\/p>\n\n\n\n<p class=\"wp-block-paragraph\">Cumhurba\u015fkan\u0131 Tatar, T\u00fcrkiye Cumhuriyeti\u2019ndeki kurum ve kurulu\u015flarla i\u015f birli\u011fi i\u00e7erisinde engellilerin engelsiz ya\u015fayabilmeleri i\u00e7in Yak\u0131n Do\u011fu \u00dcniversitesi y\u00f6netiminin katk\u0131lar\u0131yla bu platformda bulu\u015fmalar\u0131n\u0131n son derece anlaml\u0131 ve de\u011ferli oldu\u011funu s\u00f6yledi.<\/p>\n\n\n\n<p class=\"wp-block-paragraph\">Tatar, K\u0131br\u0131s T\u00fcrk halk\u0131n\u0131n her zaman toplumsal duyarl\u0131l\u0131\u011f\u0131 ve hassasiyeti olan, g\u00f6sterdi\u011fi inceliklerle engellilere her zaman her konuda sahip \u00e7\u0131kan ve yasal d\u00fczenlemelerle hayatlar\u0131n\u0131 kolayla\u015ft\u0131rmak i\u00e7in b\u00fct\u00fcn siyasi iradeyi ortaya koymu\u015f bir halk oldu\u011funu ifade etti.<\/p>\n\n\n\n<p class=\"wp-block-paragraph\">Al\u0131nacak olan kararlar\u0131n uygulanmas\u0131n\u0131n \u00f6nemine de de\u011finen Cumhurba\u015fkan\u0131 Ersin Tatar, \u201c\u201cHer yerde ve her alanda engelsiz bir ya\u015fam i\u00e7in, toplumun bir bireyi olarak, insan haklar\u0131 ad\u0131na yap\u0131lmas\u0131 gerekenleri yapaca\u011f\u0131z\u201d ifadesini kulland\u0131.<\/p>\n\n\n\n<figure class=\"wp-block-image\"><a href=\"https:\/\/www.engelsizbilisim.org\/wp-content\/uploads\/muratbaseri.jpg\"><img decoding=\"async\" src=\"https:\/\/www.engelsizbilisim.org\/wp-content\/uploads\/muratbaseri.jpg\" alt=\"T\u00fcrkiye Cumhuriyeti Lefko\u015fa B\u00fcy\u00fckel\u00e7isi Ali Murat BA\u015e\u00c7ER\u0130 a\u00e7\u0131l\u0131\u015f konu\u015fmas\u0131\" class=\"wp-image-2936\"\/><\/a><\/figure>\n\n\n\n<p class=\"wp-block-paragraph\">T.C. Lefko\u015fa B\u00fcy\u00fckel\u00e7isi Ali Murat BA\u015e\u00c7ER\u0130: \u201c\u00c7al\u0131\u015ftayda dile getirilecek fikirler, TC-KKTC kamu kurum ve kurulu\u015flar\u0131na de\u011ferli katk\u0131lar sa\u011flayacak.\u201d<br>T\u00fcrkiye Cumhuriyeti Lefko\u015fa B\u00fcy\u00fckel\u00e7isi Ali Murat BA\u015e\u00c7ER\u0130, KKTC\u2019nin \u00e7ok g\u00fczide bir kurumu olan Yak\u0131n Do\u011fu \u00dcniversitesi ile Manisa Celal Bayar \u00dcniversitesi\u2019nin biraraya gelerek bu konuda emek sarf ediyor oldu\u011funu g\u00f6rmekten mutluluk duydu\u011funu ifade etti.<\/p>\n\n\n\n<p class=\"wp-block-paragraph\">Ba\u015f\u00e7eri, \u201cT\u00fcrkiye\u2019deki t\u00fcm kurum ve kurulu\u015flar\u0131m\u0131z\u0131n KKTC\u2019deki kar\u015f\u0131tlar\u0131yla birlikte hareket etmesini, birlikte ortak dertlere, sorunlara \u00e7areler \u00fcretmesini arzu ediyor ve s\u00fcrekli dile getiriyoruz. \u00c7al\u0131\u015ftayda dile getirilecek bu fikirlerin hem KKTC\u2019deki kamu kurum ve kurulu\u015flara hem \u00fclkemizdeki kamu kurum ve kurulu\u015flar\u0131na \u00e7ok de\u011ferli katk\u0131lar sa\u011flayacak \u00f6neriler getirece\u011fine eminim, sab\u0131rs\u0131zl\u0131kla \u00e7al\u0131\u015ftay\u0131n sonu\u00e7 raporunu okumay\u0131 bekliyorum\u201d dedi.<\/p>\n\n\n\n<figure class=\"wp-block-image\"><a href=\"https:\/\/www.engelsizbilisim.org\/wp-content\/uploads\/ahmetatac.jpg\"><img decoding=\"async\" src=\"https:\/\/www.engelsizbilisim.org\/wp-content\/uploads\/ahmetatac.jpg\" alt=\"Manisa Celal Bayar \u00dcniversitesi Rekt\u00f6r\u00fc Prof. Dr. Ahmet ATA\u00c7'\u0131n a\u00e7\u0131l\u0131\u015f konu\u015fmas\u0131\" class=\"wp-image-2938\"\/><\/a><\/figure>\n\n\n\n<p class=\"wp-block-paragraph\">Prof. Dr. Ahmet ATA\u00c7: \u201cEngelli bireylerimiz olmazsa bizi b\u00fct\u00fcnleyen bir par\u00e7am\u0131z olmaz.\u201d<br>\u00dcniversiteleraras\u0131 Kurul D\u00f6nem Ba\u015fkan\u0131 ve Manisa Celal Bayar \u00dcniversitesi Rekt\u00f6r\u00fc Prof. Dr. Ahmet ATA\u00c7 konu\u015fmas\u0131na \u201cBug\u00fcn Yak\u0131n Do\u011fu \u00dcniversitesi ve Kuzey K\u0131br\u0131s T\u00fcrk Cumhuriyeti\u2019nin&nbsp; bir \u00f6nceki g\u00fcnden daha ileriye gitti\u011fini, \u00e7ok k\u0131sa s\u00fcrede b\u00fcy\u00fck mesafeleri kat etti\u011fini g\u00f6rd\u00fcm\u201d s\u00f6zleriyle ba\u015flad\u0131. Prof. Dr. ATA\u00c7, \u201cBu s\u00fcrece katk\u0131 sa\u011flayan ba\u015fta Cumhurba\u015fkan\u0131 Ersin Tatar\u2019a, Yak\u0131n Do\u011fu \u00dcniversitersi Kurucu Rekt\u00f6r\u00fc Dr. Suat \u0130rfan G\u00fcnsel\u2019e, Rekt\u00f6r&nbsp; vekili ve t\u00fcm ekip arkada\u015flar\u0131na Cumhurba\u015fkanl\u0131\u011f\u0131 Engelliler Komitesi Ba\u015fkan ve ekibine y\u00fcrekten te\u015fekk\u00fcr ediyorum\u201d dedi.<\/p>\n\n\n\n<p class=\"wp-block-paragraph\">\u201cBu toplumda ya\u015f\u0131yorsan\u0131z, bu puzzle\u2019\u0131n bir par\u00e7as\u0131ysan\u0131z bir taneniz olmazsa biz eksik kal\u0131r\u0131z, biz olmazsak siz eksik kal\u0131rs\u0131n\u0131z\u201d diyen Prof.Dr. Ahmet Ata\u00e7, \u201cMilyonlarca par\u00e7adan olu\u015fan bir puzzle oldu\u011fumuzu d\u00fc\u015f\u00fcn\u00fcrsek on binlercesini birle\u015ftirdi\u011fimizde bir tane eksik bizi yar\u0131m b\u0131rakacakt\u0131r. \u0130\u015fte bundan dolay\u0131 ge\u00e7mi\u015fimizden deneyim al\u0131p \u00e7ocuklar\u0131m\u0131za eri\u015filebilir ve s\u00fcrd\u00fcr\u00fclebilir bir d\u00fcnya b\u0131rakmak bizim bug\u00fcn toplum olarak, bu toplumun bir bireyi olarak en b\u00fcy\u00fck vazifemiz. Biz T\u00fcrk \u00fcniversiteleri olarak bir b\u00fct\u00fcn\u00fcz. Yak\u0131n Do\u011fu \u00dcniversitesi\u2019de, KKTC\u2019nde ya\u015fayan her bir birey de bizim olmazsa olmaz bir par\u00e7am\u0131z. Engelli bireylerimiz olmazsa bizi b\u00fct\u00fcnleyen bir par\u00e7am\u0131z olmaz. Biz olmazsak onlar\u0131 tamamlayan bir par\u00e7a eksik olur. \u0130nsan olarak biz bunun bilincindeyiz. 2 y\u0131ll\u0131k bir salg\u0131n s\u00fcreci bunu bizlere g\u00f6sterdi.&nbsp; Cebimizde ne kadar param\u0131z olursa olsun, \u00fcnvan\u0131m\u0131z ne kadar bol olursa olsun d\u0131\u015far\u0131ya \u00e7\u0131kamad\u0131k, seyahat \u00f6zg\u00fcrl\u00fc\u011f\u00fcm\u00fcz k\u0131s\u0131tland\u0131\u201d ifadelerini kulland\u0131.<\/p>\n\n\n\n<figure class=\"wp-block-image\"><a href=\"https:\/\/www.engelsizbilisim.org\/wp-content\/uploads\/tamersanlidag.jpg\"><img decoding=\"async\" src=\"https:\/\/www.engelsizbilisim.org\/wp-content\/uploads\/tamersanlidag.jpg\" alt=\"Yak\u0131n Do\u011fu \u00dcniversitesi Rekt\u00f6r Yard\u0131mc\u0131s\u0131 Prof. Dr. Tamer \u015eANLIDA\u011e'\u0131n konu\u015fmas\u0131\" class=\"wp-image-2940\"\/><\/a><\/figure>\n\n\n\n<p class=\"wp-block-paragraph\">Prof. Dr. Tamer \u015eANLIDA\u011e: \u201cBili\u015fim G\u00fcnleri, Engelli Yurtta\u015flar\u0131n, Hayatlar\u0131ndaki Engelleri Ortadan Kald\u0131rmay\u0131 Ama\u00e7layan \u00c7ok \u00d6nemli Bir Vizyon Toplant\u0131s\u0131\u201d . Yak\u0131n Do\u011fu \u00dcniversitesi Rekt\u00f6r Yard\u0131mc\u0131s\u0131 Prof. Dr. Tamer \u015eANLIDA\u011e ise Engelsiz Bili\u015fim G\u00fcnleri\u2019nin, toplumun \u00e7ok de\u011ferli bir kesimi olan engelli yurtta\u015flar\u0131n, hayatlar\u0131ndaki engelleri ortadan kald\u0131rmay\u0131 ama\u00e7layan \u00e7ok \u00f6nemli bir vizyon toplant\u0131s\u0131 oldu\u011funu s\u00f6yledi.<\/p>\n\n\n\n<p class=\"wp-block-paragraph\">Kamu hizmetlerinin \u00e7ok \u00f6nemli bir k\u0131sm\u0131n\u0131n g\u00fcn\u00fcm\u00fczde dijital mecralar \u00fczerinden veriliyor olmas\u0131n\u0131n, bu alan\u0131n engelli bireyler i\u00e7in \u00f6nemini kat be kat art\u0131rd\u0131\u011f\u0131n\u0131 belirten Prof. Dr. Tamer \u015eanl\u0131da\u011f, \u201cFiziki ko\u015fullar\u0131n; engelli bireylerin ya\u015fama kat\u0131labilmeleri, kendilerine ve topluma de\u011fer katabilmeleri i\u00e7in gerekli standarda getirilmesi i\u00e7in \u00e7aba harcarken, bili\u015fim teknolojilerini de bu bak\u0131\u015fla iyile\u015ftirmek son derece hayati bir \u00f6neme sahip. Yakla\u015f\u0131k 10 y\u0131ld\u0131r, bu \u00f6nemli konuyu g\u00fcndeme getirmek, vizyon belirlemek ve ilgili t\u00fcm kurum ve kurulu\u015flara rehberlik edebilmek amac\u0131yla d\u00fczenledi\u011fimiz Engelsiz Bili\u015fim G\u00fcnleri\u2019nin bir di\u011fer \u00f6nemli y\u00f6n\u00fc de, bu konuda Anavatan T\u00fcrkiyemiz ile Kuzey K\u0131br\u0131s T\u00fcrk Cumhuriyetimiz aras\u0131nda bir g\u00fcndem ve eylem birli\u011fi sa\u011flamas\u0131d\u0131r. Bu y\u00f6n\u00fcyle Yak\u0131n Do\u011fu \u00dcniversitesi, Celal Bayar \u00dcniversitesi, KKTC Engelsiz Bili\u015fim Platformu ve T\u00fcrkiye Engelsiz Bili\u015fim Platformu\u2019nun ortak bir irade olu\u015fturmak \u00fczere bir araya gelmesi \u00e7ok de\u011ferli ve anlaml\u0131d\u0131r\u201d dedi.<\/p>\n\n\n\n<figure class=\"wp-block-image\"><a href=\"https:\/\/www.engelsizbilisim.org\/wp-content\/uploads\/onalinaltekin.jpg\"><img decoding=\"async\" src=\"https:\/\/www.engelsizbilisim.org\/wp-content\/uploads\/onalinaltekin.jpg\" alt=\"\" class=\"wp-image-2946\"\/><\/a><\/figure>\n\n\n\n<p class=\"wp-block-paragraph\">\u00d6nal \u0130NALTEK\u0130N: \u201cModern d\u00fcnyada eri\u015filebilirlik toplumsal hayata kat\u0131l\u0131m\u0131n en \u00f6nemli gereklerinden biridir.\u201d<br>T.C. Aile ve Sosyal Hizmetler Bakanl\u0131\u011f\u0131 Engelli ve Ya\u015fl\u0131 Hizmetleri Genel M\u00fcd\u00fcr Vekili&nbsp; \u00d6nal \u0130NALTEK\u0130N, Modern d\u00fcnyada eri\u015febilirli\u011fin toplumsal hayata kat\u0131l\u0131m\u0131n en \u00f6nemli gereklerinden biri oldu\u011funu s\u00f6yleyerek topluma sunulan e\u011fitim, sa\u011fl\u0131k ve istihdam haklar\u0131ndan faydalanabilmek i\u00e7in \u00f6ncelikle bu haklar\u0131n sunuldu\u011fu mekanlara ve ileti\u015fim imkanlar\u0131na eri\u015fmek gerekti\u011fini vurgulad\u0131. \u00d6nal \u0130NALTEK\u0130N, \u201cEngellilerin toplumsal ya\u015famda her alanda ayr\u0131mc\u0131l\u0131\u011fa u\u011framadan di\u011fer bireylerle e\u015fit \u015fekilde kat\u0131l\u0131mlar\u0131n\u0131 sa\u011flanmas\u0131 ve hak temelli politikalar\u0131n hayata ge\u00e7irilmesi i\u00e7in eri\u015filebilirlik en \u00f6nemli unsurlardan biridir\u201d dedi.<\/p>\n\n\n\n<p class=\"wp-block-paragraph\">\u0130naltekin, \u201cCumhurba\u015fkan\u0131m\u0131z Say\u0131n Recep Tayyip Erdo\u011fan\u2019\u0131n 2007\u2019de BM engelli haklar\u0131 s\u00f6zle\u015fmesini imzalamas\u0131 ile T\u00fcrkiye, bu s\u00f6zle\u015fmeyi imzalayan ilk \u00fclkelerden biri oldu. Engellilerimize y\u00f6nelik pozitif ayr\u0131mc\u0131l\u0131k 2010\u2019da anayasal g\u00fcvence alt\u0131na al\u0131nm\u0131\u015f, 2013 y\u0131l\u0131nda eri\u015filebilirlik sistemi kurulmu\u015f ve 2020 y\u0131l\u0131 eri\u015filebilirlik y\u0131l\u0131 olarak ilan edilmi\u015ftir\u201d ifadelerini kulland\u0131.<\/p>\n\n\n\n<figure class=\"wp-block-image\"><a href=\"https:\/\/www.engelsizbilisim.org\/wp-content\/uploads\/mustafaozhankalac-1.jpg\"><img decoding=\"async\" src=\"https:\/\/www.engelsizbilisim.org\/wp-content\/uploads\/mustafaozhankalac-1.jpg\" alt=\"T\u00fcrkiye Engelsiz Bili\u015fim Platformu Koordinat\u00f6r\u00fc ve Manisa Celal Bayar \u00dcniversitesi \u00d6\u011fretim \u00dcyesi\u00a0 Dr. Mustafa \u00d6zhan KALA\u00c7'\u0131n konu\u015fmas\u0131\" class=\"wp-image-2944\"\/><\/a><\/figure>\n\n\n\n<p class=\"wp-block-paragraph\">Platformumuz koordinat\u00f6r\u00fc Dr. Mustafa \u00d6zhan KALA\u00c7: &nbsp;\u201cBulunduklar\u0131 toplumun sorunlar\u0131na \u00e7\u00f6z\u00fcmler sa\u011flamak \u00fcniversitelerin en \u00f6nemli g\u00f6revlerinden biridir.\u201d<br>T\u00fcrkiye Engelsiz Bili\u015fim Platformu Koordinat\u00f6r\u00fc ve Manisa Celal Bayar \u00dcniversitesi \u00d6\u011fretim \u00dcyesi&nbsp; Dr. Mustafa \u00d6zhan KALA\u00c7 ise \u00fcniversitelerin sadece bilimsel ve e\u011fitim faaliyeti y\u00fcr\u00fctmediklerini, bulunduklar\u0131 toplumun sorunlar\u0131na \u00e7\u00f6z\u00fcmler sa\u011flaman\u0131n en \u00f6nemli g\u00f6revlerinden biri oldu\u011funu vurgulad\u0131. Dr. KALA\u00c7, \u201cBizler de bu misyon do\u011frultusunda engellilere y\u00f6nelik bili\u015fim ve teknolojilerin geli\u015fmesi i\u00e7in \u00e7al\u0131\u015fmalar yap\u0131yoruz. Manisa Celal Bayar \u00dcniversitesi sekreteryas\u0131nda y\u00fcr\u00fct\u00fclen bu \u00e7al\u0131\u015fmalarda ba\u015fta devlet kurumlar\u0131 olmak \u00fczere \u00fcniversiteler, STK\u2019lar ve \u00f6zel sekt\u00f6rle ciddi i\u015fbirli\u011fi sa\u011flad\u0131k, bu g\u00fcne kadar bir \u00e7ok \u00e7al\u0131\u015fmaya imza att\u0131k. 2013 y\u0131l\u0131nda Yak\u0131n Do\u011fu \u00dcniversitesi i\u015fbirli\u011finde benzer \u00e7al\u0131\u015fmalar\u0131 KKTC\u2019de yapmaya ba\u015flad\u0131k \u00e7ok ciddi bir k\u00f6pr\u00fc olu\u015fturduk\u201d ifadelerini kulland\u0131.<\/p>\n\n\n\n<figure class=\"wp-block-image\"><a href=\"https:\/\/www.engelsizbilisim.org\/wp-content\/uploads\/ahmetakdeniz.jpg\"><img decoding=\"async\" src=\"https:\/\/www.engelsizbilisim.org\/wp-content\/uploads\/ahmetakdeniz.jpg\" alt=\"KKTC Cumhurba\u015fkanl\u0131\u011f\u0131 Engelliler Komitesi Ba\u015fkan\u0131 Ahmet AKDEN\u0130Z'in a\u00e7\u0131l\u0131\u015f konu\u015fmas\u0131\" class=\"wp-image-2942\"\/><\/a><\/figure>\n\n\n\n<p class=\"wp-block-paragraph\">Ahmet AKDEN\u0130Z: \u201cEngelli bireylerimizin devletle aras\u0131nda g\u00fc\u00e7l\u00fc bir yap\u0131 kurup ulusal engelli politikas\u0131 kurmay\u0131 hedefliyoruz.\u201d<br>Cumhurba\u015fkanl\u0131\u011f\u0131 Engelliler Komitesi Ba\u015fkan\u0131 Ahmet AKDEN\u0130Z, 2013 y\u0131l\u0131nda ba\u015flad\u0131klar\u0131 ve bug\u00fcn 9\u2019uncusu ger\u00e7ekle\u015ftirilen Engelsiz Bili\u015fim G\u00fcnleri\u2019nin birey olarak kendisine \u00e7ok \u015fey katt\u0131\u011f\u0131n\u0131 s\u00f6yledi.<\/p>\n\n\n\n<figure class=\"wp-block-image\"><a href=\"https:\/\/www.engelsizbilisim.org\/wp-content\/uploads\/fahriyealtinay.jpg\"><img decoding=\"async\" src=\"https:\/\/www.engelsizbilisim.org\/wp-content\/uploads\/fahriyealtinay.jpg\" alt=\"Yak\u0131n Do\u011fu \u00dcniversitesi Toplumsal Ara\u015ft\u0131rma ve Geli\u015ftirme Merkezi Ba\u015fkan\u0131 Prof. Dr. Fahriye ALTINAY'\u0131n a\u00e7\u0131l\u0131\u015f konu\u015fmas\u0131\" class=\"wp-image-2947\"\/><\/a><\/figure>\n\n\n\n<p class=\"wp-block-paragraph\">Prof. Dr. Fahriye ALTINAY:&nbsp;\u201cYak\u0131n Do\u011fu \u00dcniversitesi\u2019nin \u00f6nc\u00fc ad\u0131mlar\u0131 ve toplumsal projeleri k\u00f6pr\u00fc g\u00f6revini \u00fcstleniyor.\u201d<br>Yak\u0131n Do\u011fu \u00dcniversitesi Toplumsal Ara\u015ft\u0131rma ve Geli\u015ftirme Merkezi Ba\u015fkan\u0131 Prof. Dr. Fahriye ALTINAY, Yak\u0131n Do\u011fu \u00dcniversitesi\u2019nin bilim, sanat ve teknoloji ile ilgili att\u0131\u011f\u0131 \u00f6nc\u00fc ad\u0131mlar\u0131n yan\u0131 s\u0131ra pek \u00e7ok toplumsal projede de k\u00f6pr\u00fc g\u00f6revi \u00fcstlendi\u011fini belirtti.<\/p>\n\n\n\n<p class=\"wp-block-paragraph\">A\u00e7\u0131l\u0131\u015f konu\u015fmalar\u0131n\u0131n ard\u0131ndan moderat\u00f6rl\u00fc\u011f\u00fcn\u00fc Manisa Celal Bayar \u00dcniversitesi \u00d6\u011fretim \u00dcyesi veT\u00fcrkiye Engelsiz Bili\u015fim Platformu Koordinat\u00f6r\u00fc Dr. \u00d6\u011fr. \u00dcyesi Mustafa \u00d6zhan KALA\u00c7\u2019\u0131n yapt\u0131\u011f\u0131&nbsp;<strong>\u201cKamuda Engelsiz Bili\u015fim \u00c7al\u0131\u015fmalar\u0131\u201d&nbsp;&nbsp;<\/strong>oturumunda&nbsp;<strong>Tayyar KUZ<\/strong>-ASHB Engelli ve Ya\u015fl\u0131 Hizmetleri Genel M\u00fcd\u00fcrl\u00fc\u011f\u00fc Eri\u015filebilirlik Daire Ba\u015fkan\u0131,&nbsp;<strong>Ahmet AKDEN\u0130Z<\/strong>&nbsp;\u2013 KKTC Cumhurba\u015fkanl\u0131\u011f\u0131 \u2013 Engelliler Komite Ba\u015fkan\u0131,&nbsp;<strong>Prof. Dr. Zehra ALTINAY<\/strong>&nbsp;,&nbsp;<strong>Prof. Dr. Fahriye ALTINAY<\/strong>&nbsp;\u2013 Yak\u0131n Do\u011fu \u00dcniversitesi \u00d6\u011fretim \u00dcyesi, KKTC Engelsiz Bili\u015fim Platformu Koordinat\u00f6rleri konu\u015fmac\u0131 olarak yer ald\u0131lar.<\/p>\n\n\n\n<p class=\"wp-block-paragraph\">9. KKTC Engelsiz Bili\u015fim G\u00fcnleri \u00e7evrimi\u00e7i olarak d\u00fczenlenen \u201cEngelli STK\u2019lar\u0131 ve Engelsiz Bili\u015fim Projeleri\u201d ve \u201cEngelsiz G\u00fcvenli Ortam ile Mutlu Nesiller Yeti\u015ftirelim\u201d oturumlar\u0131 ile sona erdi.<\/p>\n\n\n\n<figure class=\"wp-block-image\"><a href=\"https:\/\/www.engelsizbilisim.org\/wp-content\/uploads\/IMG-20211214-WA0102.jpg\"><img decoding=\"async\" src=\"https:\/\/www.engelsizbilisim.org\/wp-content\/uploads\/IMG-20211214-WA0102-1200x675.jpg\" alt=\"\" class=\"wp-image-2950\"\/><\/a><\/figure>\n\n\n\n<figure class=\"wp-block-image\"><a href=\"https:\/\/www.engelsizbilisim.org\/wp-content\/uploads\/IMG-20211214-WA0062.jpg\"><img decoding=\"async\" src=\"https:\/\/www.engelsizbilisim.org\/wp-content\/uploads\/IMG-20211214-WA0062-1024x675.jpg\" alt=\"\" class=\"wp-image-2953\"\/><\/a><\/figure>\n","protected":false},"excerpt":{"rendered":"<p>9. KKTC Engelsiz Bili\u015fim G\u00fcnleri, KKTC Engelsiz Bili\u015fim Platformu, Manisa Celal Bayar \u00dcniversitesi ve T\u00fcrkiye Engelsiz Bili\u015fim Platformu i\u015f birli\u011fi ile Yak\u0131n Do\u011fu \u00dcniversitesi ev sahipli\u011finde YDU Prof. Dr. \u00dcmit Hassan Cumhuriyet Salonu\u2019nda ger\u00e7ekle\u015ftirildi. 14 Aral\u0131k 2021 tarihinde ger\u00e7ekle\u015ftirilen etkinlik a\u00e7\u0131l\u0131\u015f\u0131na KKTC Cumhurba\u015fkan\u0131 Ersin TATAR, T.C. Lefko\u015fa B\u00fcy\u00fckel\u00e7isi Ali Murat BA\u015e\u00c7ER, Yak\u0131n Do\u011fu \u00dcniversitesi Kurucu &hellip; <\/p>\n<p><a class=\"more-link btn\" href=\"https:\/\/www.engelsizbilisim.org\/kktc\/kktc-engelsiz-bilisim-gunleri-2021\/\">Devam\u0131n\u0131 oku<\/a><\/p>\n","protected":false},"author":1,"featured_media":0,"parent":0,"menu_order":0,"comment_status":"closed","ping_status":"closed","template":"","meta":{"footnotes":""},"class_list":["post-709","page","type-page","status-publish","hentry","nodate","item-wrap"],"_links":{"self":[{"href":"https:\/\/www.engelsizbilisim.org\/kktc\/wp-json\/wp\/v2\/pages\/709","targetHints":{"allow":["GET"]}}],"collection":[{"href":"https:\/\/www.engelsizbilisim.org\/kktc\/wp-json\/wp\/v2\/pages"}],"about":[{"href":"https:\/\/www.engelsizbilisim.org\/kktc\/wp-json\/wp\/v2\/types\/page"}],"author":[{"embeddable":true,"href":"https:\/\/www.engelsizbilisim.org\/kktc\/wp-json\/wp\/v2\/users\/1"}],"replies":[{"embeddable":true,"href":"https:\/\/www.engelsizbilisim.org\/kktc\/wp-json\/wp\/v2\/comments?post=709"}],"version-history":[{"count":2,"href":"https:\/\/www.engelsizbilisim.org\/kktc\/wp-json\/wp\/v2\/pages\/709\/revisions"}],"predecessor-version":[{"id":712,"href":"https:\/\/www.engelsizbilisim.org\/kktc\/wp-json\/wp\/v2\/pages\/709\/revisions\/712"}],"wp:attachment":[{"href":"https:\/\/www.engelsizbilisim.org\/kktc\/wp-json\/wp\/v2\/media?parent=709"}],"curies":[{"name":"wp","href":"https:\/\/api.w.org\/{rel}","templated":true}]}}